{"id":428,"date":"2018-08-13T22:10:30","date_gmt":"2018-08-13T22:10:30","guid":{"rendered":"https:\/\/odeceixesurfschool.com\/?page_id=428"},"modified":"2022-07-04T18:02:54","modified_gmt":"2022-07-04T18:02:54","slug":"odeceixe-surf-school-algarve-portugal","status":"publish","type":"page","link":"https:\/\/odeceixesurfschool.com\/pt\/","title":{"rendered":"Odeceixe Surf School Algarve Portugal"},"content":{"rendered":"<div id='layer_slider_1'  class='avia-layerslider main_color avia-shadow  avia-builder-el-0  el_before_av_one_full  avia-builder-el-first  container_wrap sidebar_right'  style='height: 601px;'  ><\/div><div id='after_layer_slider_1'  class='main_color av_default_container_wrap container_wrap sidebar_right'  ><div class='container av-section-cont-open' ><div class='template-page content  av-content-small alpha units'><div class='post-entry post-entry-type-page post-entry-428'><div class='entry-content-wrapper clearfix'>\n\n<style type=\"text\/css\" data-created_by=\"avia_inline_auto\" id=\"style-css-av-3jxag2-02525b950d14fb2154cc1dc1d6ef2628\">\n.flex_column.av-3jxag2-02525b950d14fb2154cc1dc1d6ef2628{\nborder-radius:0px 0px 0px 0px;\npadding:20px 0px 0px 0px;\n}\n<\/style>\n<div  class='flex_column av-3jxag2-02525b950d14fb2154cc1dc1d6ef2628 av_one_full  avia-builder-el-1  el_after_av_layerslider  el_before_av_section  avia-builder-el-no-sibling  first flex_column_div  '     ><p>\n<style type=\"text\/css\" data-created_by=\"avia_inline_auto\" id=\"style-css-av-av_heading-e6b3f38e0185baca4e85ef74fa1105ea\">\n#top .av-special-heading.av-av_heading-e6b3f38e0185baca4e85ef74fa1105ea{\npadding-bottom:10px;\ncolor:#333333;\nfont-size:23px;\n}\nbody .av-special-heading.av-av_heading-e6b3f38e0185baca4e85ef74fa1105ea .av-special-heading-tag .heading-char{\nfont-size:25px;\n}\n#top #wrap_all .av-special-heading.av-av_heading-e6b3f38e0185baca4e85ef74fa1105ea .av-special-heading-tag{\nfont-size:23px;\n}\n.av-special-heading.av-av_heading-e6b3f38e0185baca4e85ef74fa1105ea .special-heading-inner-border{\nborder-color:#333333;\n}\n.av-special-heading.av-av_heading-e6b3f38e0185baca4e85ef74fa1105ea .av-subheading{\nfont-size:15px;\n}\n\n@media only screen and (min-width: 480px) and (max-width: 767px){ \n#top #wrap_all .av-special-heading.av-av_heading-e6b3f38e0185baca4e85ef74fa1105ea .av-special-heading-tag{\nfont-size:0.8em;\n}\n}\n\n@media only screen and (max-width: 479px){ \n#top #wrap_all .av-special-heading.av-av_heading-e6b3f38e0185baca4e85ef74fa1105ea .av-special-heading-tag{\nfont-size:0.8em;\n}\n}\n<\/style>\n<div  class='av-special-heading av-av_heading-e6b3f38e0185baca4e85ef74fa1105ea av-special-heading-h1 custom-color-heading blockquote modern-quote  avia-builder-el-2  el_before_av_textblock  avia-builder-el-first  av-inherit-size'><h1 class='av-special-heading-tag '  itemprop=\"headline\"  >BEM-VINDO \u00c0 <span class=\"themecolor\">ODECEIXE SURF SCHOOL<\/span><\/h1><div class=\"special-heading-border\"><div class=\"special-heading-inner-border\"><\/div><\/div><\/div><br \/>\n<section  class='av_textblock_section av-jksrb1r9-47082fab7e87176fff363fe3ca5bbfe2 '   itemscope=\"itemscope\" itemtype=\"https:\/\/schema.org\/CreativeWork\" ><div class='avia_textblock'  itemprop=\"text\" ><p><a class=\"avia_activate_lightbox\" href=\"https:\/\/odeceixesurfschool.com\/wp-content\/uploads\/2018\/03\/Odeceixe7.jpg\"><img loading=\"lazy\" decoding=\"async\" class=\"alignright wp-image-33 size-portfolio\" style=\"margin: 0 15px 0 15px;\" src=\"https:\/\/odeceixesurfschool.com\/wp-content\/uploads\/2018\/03\/Odeceixe7-495x400.jpg\" alt=\"Surf School Algarve Portugal\" width=\"495\" height=\"400\" \/><\/a><\/p>\n<p>A costa sudoeste de Portugal \u00e9 o para\u00edso de um surfista. As ondas \u201cverdes\u201d que entram do Atl\u00e2ntico s\u00e3o perfeitas para o treino das t\u00e9cnicas de surf.<br \/>\nA escola est\u00e1 situada na praia de Odeceixe onde as aulas s\u00e3o dadas.<\/p>\n<p>As aulas de surf t\u00eam a dura\u00e7\u00e3o de 2h30m\/3h. Tudo sempre organizado, se poss\u00edvel anteriormente com os instrutores de surf.<br \/>\nOs nossos instrutores s\u00e3o surfistas locais certificados pelo Federa\u00e7\u00e3o Portuguesa de Surf, os quais t\u00eam todos licen\u00e7as de nadador-salvador e um enorme conhecimento das praias da regi\u00e3o e das suas condi\u00e7\u00f5es.<\/p>\n<p>As aulas s\u00e3o administradas com um m\u00e1ximo de 8 alunos por instrutor. As aulas s\u00e3o dadas em ingl\u00eas ou portugu\u00eas.<\/p>\n<p>As condi\u00e7\u00f5es s\u00e3o perfeitas para iniciados porque os bancos de areia e as pequenas ondas de espuma branca proporcionam uma sensa\u00e7\u00e3o confort\u00e1vel e de seguran\u00e7a. Ap\u00f3s algumas li\u00e7\u00f5es, ser\u00e1s capaz de te pores em p\u00e9 e ter\u00e1s a confian\u00e7a suficiente para ir para o \u201coutsider\u201d (surfar nas \u00e1guas \u201cverdes\u201d) com o teu instrutor.<\/p>\n<\/div><\/section><br \/>\n\n<style type=\"text\/css\" data-created_by=\"avia_inline_auto\" id=\"style-css-av-3eri6a-90818a6aa5e78820f14c3082c9b77c12\">\n#top .hr.hr-invisible.av-3eri6a-90818a6aa5e78820f14c3082c9b77c12{\nheight:40px;\n}\n<\/style>\n<div  class='hr av-3eri6a-90818a6aa5e78820f14c3082c9b77c12 hr-invisible  avia-builder-el-4  el_after_av_textblock  avia-builder-el-last '><span class='hr-inner '><span class=\"hr-inner-style\"><\/span><\/span><\/div><\/p><\/div><\/div><\/div><\/div><!-- close content main div --><\/div><\/div>\n<style type=\"text\/css\" data-created_by=\"avia_inline_auto\" id=\"style-css-av-bv76i-9d6d55aa3ac48be682edecdd108ca46e\">\n.avia-section.av-bv76i-9d6d55aa3ac48be682edecdd108ca46e .av-parallax .av-parallax-inner{\nbackground-repeat:no-repeat;\nbackground-image:url(https:\/\/odeceixesurfschool.com\/wp-content\/uploads\/2018\/03\/surf-bg.jpg);\nbackground-position:50% 50%;\nbackground-attachment:scroll;\n}\n.avia-section.av-bv76i-9d6d55aa3ac48be682edecdd108ca46e .av-section-color-overlay{\nopacity:0.3;\nbackground-color:#000000;\n}\n<\/style>\n<div id='beaches-home'  class='avia-section av-bv76i-9d6d55aa3ac48be682edecdd108ca46e alternate_color avia-section-default avia-no-border-styling  avia-builder-el-5  el_after_av_one_full  el_before_av_hr  avia-full-stretch av-parallax-section avia-bg-style-parallax av-section-color-overlay-active container_wrap sidebar_right'  data-section-bg-repeat='stretch'><div class='av-parallax' data-avia-parallax-ratio='0.3' ><div class='av-parallax-inner alternate_color avia-full-stretch'><\/div><\/div><div class=\"av-section-color-overlay-wrap\"><div class=\"av-section-color-overlay\"><\/div><div class='container av-section-cont-open' ><div class='template-page content  av-content-small alpha units'><div class='post-entry post-entry-type-page post-entry-428'><div class='entry-content-wrapper clearfix'>\n<section  class='av_textblock_section av-jksrbkqu-da328bddfbfe6bfa38db7d8114ce4b70 '   itemscope=\"itemscope\" itemtype=\"https:\/\/schema.org\/CreativeWork\" ><div class='avia_textblock'  itemprop=\"text\" ><h2>A ODECEIXE SURF SCHOOL TEM AS SEGUINTES PRAIAS FAVORITAS PARA ENSINAR A SURFAR:<\/h2>\n<\/div><\/section>\n\n<style type=\"text\/css\" data-created_by=\"avia_inline_auto\" id=\"style-css-av-320lca-242156fdbfc0792b4064a98cbac76e22\">\n.flex_column.av-320lca-242156fdbfc0792b4064a98cbac76e22{\nborder-radius:0px 0px 0px 0px;\npadding:0px 0px 0px 0px;\n}\n<\/style>\n<div  class='flex_column av-320lca-242156fdbfc0792b4064a98cbac76e22 av_one_fourth  avia-builder-el-7  el_after_av_textblock  el_before_av_one_fourth  first flex_column_div av-zero-column-padding  column-top-margin'     ><section  class='av_textblock_section av-jksrd7t7-8487948ed39f173336b53eaaf5ded6b3 '   itemscope=\"itemscope\" itemtype=\"https:\/\/schema.org\/CreativeWork\" ><div class='avia_textblock'  itemprop=\"text\" ><h3>Praia de Odeceixe<\/h3>\n<p>A praia de Odeceixe tem muitas ondas no lado oce\u00e2nico, perfeita para surfistas e bodyboarders. Esta pacata praia cheira a esteva. O miradouro no cimo das escadas de pedra \u00e9 um local perfeito para veres o p\u00f4r-do-sol e a paisagem. O rio Seixe no meio do areal define a fronteira entre o Alentejo e o Algarve.<\/p>\n<\/div><\/section><\/div>\n<style type=\"text\/css\" data-created_by=\"avia_inline_auto\" id=\"style-css-av-2xm3bm-0048ad69c85b93e640aa5ef2f4aec1c4\">\n.flex_column.av-2xm3bm-0048ad69c85b93e640aa5ef2f4aec1c4{\nborder-radius:0px 0px 0px 0px;\npadding:0px 0px 0px 0px;\n}\n<\/style>\n<div  class='flex_column av-2xm3bm-0048ad69c85b93e640aa5ef2f4aec1c4 av_one_fourth  avia-builder-el-9  el_after_av_one_fourth  el_before_av_one_fourth  flex_column_div av-zero-column-padding  column-top-margin'     ><section  class='av_textblock_section av-jksrdq13-e4e1d345047a885b874e7b920d3091e3 '   itemscope=\"itemscope\" itemtype=\"https:\/\/schema.org\/CreativeWork\" ><div class='avia_textblock'  itemprop=\"text\" ><h3>Praia de Amoreira<\/h3>\n<p>Esta praia encontra-se na boca do rio de Aljezur, que forma a um sistema de lagoas de grande beleza natural. Podes andar ao longo do rio atrav\u00e9s das dunas de areia ou protegeres-te do vento. Na mar\u00e9 baixa, formam-se pequenas piscinas na areia que s\u00e3o muito divertidas para as crian\u00e7as.<\/p>\n<\/div><\/section><\/div>\n<style type=\"text\/css\" data-created_by=\"avia_inline_auto\" id=\"style-css-av-2p8eze-4e50ec93f4d9106a839a7a976c8a4b65\">\n.flex_column.av-2p8eze-4e50ec93f4d9106a839a7a976c8a4b65{\nborder-radius:0px 0px 0px 0px;\npadding:0px 0px 0px 0px;\n}\n<\/style>\n<div  class='flex_column av-2p8eze-4e50ec93f4d9106a839a7a976c8a4b65 av_one_fourth  avia-builder-el-11  el_after_av_one_fourth  el_before_av_one_fourth  flex_column_div av-zero-column-padding  column-top-margin'     ><section  class='av_textblock_section av-jksre7ih-a65e41ed3ab73b1dc2e44058c7f50068 '   itemscope=\"itemscope\" itemtype=\"https:\/\/schema.org\/CreativeWork\" ><div class='avia_textblock'  itemprop=\"text\" ><h3>Praia de Arrifana<\/h3>\n<p>Esta praia encontra-se numa enseada em forma de concha muito bonita e bem protegida da fria nortada. H\u00e1 um pequeno grupo de barcos de pesca e a praia \u00e9 longa e estreita, estando limitada por elevados penhascos negros. A Arrifana \u00e9 uma praia popular entre surfistas e bodyboarders.<\/p>\n<\/div><\/section><\/div>\n<style type=\"text\/css\" data-created_by=\"avia_inline_auto\" id=\"style-css-av-2n174q-21b3c1bbdcd60a831d2b145025a77807\">\n.flex_column.av-2n174q-21b3c1bbdcd60a831d2b145025a77807{\nborder-radius:0px 0px 0px 0px;\npadding:0px 0px 0px 0px;\n}\n<\/style>\n<div  class='flex_column av-2n174q-21b3c1bbdcd60a831d2b145025a77807 av_one_fourth  avia-builder-el-13  el_after_av_one_fourth  avia-builder-el-last  flex_column_div av-zero-column-padding  column-top-margin'     ><section  class='av_textblock_section av-jksreo06-273302c55037a5f8e60ab80e1991f19e '   itemscope=\"itemscope\" itemtype=\"https:\/\/schema.org\/CreativeWork\" ><div class='avia_textblock'  itemprop=\"text\" ><h3>Praia de Monte Cl\u00e9rigo<\/h3>\n<p>Na praia de Monte Cl\u00e9rigo tu podes nadar nas v\u00e1rias piscinas naturais que se formam nas rochas e que s\u00e3o postas a descoberto quando a mar\u00e9 baixa. No interior existem algumas dunas de areia impressionantes que se encontram em ambos os lados do bonito vale. H\u00e1 uma vista panor\u00e2mica fabulosa para ser desfrutada enquanto te passeias ao longo da praia.<\/p>\n<\/div><\/section><\/div>\n<\/div><\/div><\/div><!-- close content main div --><\/div><\/div><\/div><div id='after_section_1'  class='main_color av_default_container_wrap container_wrap sidebar_right'  ><div class='container av-section-cont-open' ><div class='template-page content  av-content-small alpha units'><div class='post-entry post-entry-type-page post-entry-428'><div class='entry-content-wrapper clearfix'><\/p>\n\n<style type=\"text\/css\" data-created_by=\"avia_inline_auto\" id=\"style-css-av-2fi00i-aa31762beac5779ab8d6bf84acab43be\">\n#top .hr.hr-invisible.av-2fi00i-aa31762beac5779ab8d6bf84acab43be{\nheight:40px;\n}\n<\/style>\n<div  class='hr av-2fi00i-aa31762beac5779ab8d6bf84acab43be hr-invisible  avia-builder-el-15  el_after_av_section  el_before_av_textblock  avia-builder-el-first '><span class='hr-inner '><span class=\"hr-inner-style\"><\/span><\/span><\/div>\n<section  class='av_textblock_section av-jksrfxdk-3ea1464b9ab141d4d6bc727029997ce6 '   itemscope=\"itemscope\" itemtype=\"https:\/\/schema.org\/CreativeWork\" ><div class='avia_textblock'  itemprop=\"text\" ><h2 style=\"margin-left: 40px;\"><span class=\"themecolor\">ODECEIXE SURF SCHOOL<\/span> | <span class=\"themecolor\">5<\/span> BOAS RAZ\u00d5ES<\/h2>\n<\/div><\/section>\n\n<style type=\"text\/css\" data-created_by=\"avia_inline_auto\" id=\"style-css-av-29r3pm-3e662b2a7d5704a7a339059c3d29b749\">\n#top .hr.hr-invisible.av-29r3pm-3e662b2a7d5704a7a339059c3d29b749{\nheight:40px;\n}\n<\/style>\n<div  class='hr av-29r3pm-3e662b2a7d5704a7a339059c3d29b749 hr-invisible  avia-builder-el-17  el_after_av_textblock  el_before_av_two_fifth '><span class='hr-inner '><span class=\"hr-inner-style\"><\/span><\/span><\/div>\n\n<style type=\"text\/css\" data-created_by=\"avia_inline_auto\" id=\"style-css-av-212jea-017c3d1c736e3dd9b5418f415f23d964\">\n.flex_column.av-212jea-017c3d1c736e3dd9b5418f415f23d964{\nborder-radius:0px 0px 0px 0px;\npadding:0px 0px 0px 0px;\n}\n<\/style>\n<div  class='flex_column av-212jea-017c3d1c736e3dd9b5418f415f23d964 av_two_fifth  avia-builder-el-18  el_after_av_hr  el_before_av_three_fifth  first flex_column_div av-zero-column-padding  '     ><style type=\"text\/css\" data-created_by=\"avia_inline_auto\" id=\"style-css-av-jksria80-5216622be60f3b262475f143fcc716b4\">\n#top .avia-icon-list-container.av-jksria80-5216622be60f3b262475f143fcc716b4 .iconlist_icon{\ncolor:#333333;\n}\n#top .avia-icon-list-container.av-jksria80-5216622be60f3b262475f143fcc716b4 .iconlist_icon svg:first-child{\nstroke:#333333;\nfill:#333333;\n}\n<\/style>\n<div  class='avia-icon-list-container av-jksria80-5216622be60f3b262475f143fcc716b4  avia-builder-el-19  avia-builder-el-no-sibling '><ul class='avia-icon-list avia_animate_when_almost_visible avia-icon-list-left av-iconlist-small av-jksria80-5216622be60f3b262475f143fcc716b4 avia-iconlist-animate'>\n<li><div class='iconlist_icon av-1x5fx6-2036f4ac6f75eea5d8c7417e33c314c9 avia-font-entypo-fontello avia-iconfont avia-font-entypo-fontello'><span class='av-icon-char' data-av_icon='\ue864' data-av_iconfont='entypo-fontello' aria-hidden=\"true\"><\/span><\/div><article class=\"article-icon-entry \"  itemscope=\"itemscope\" itemtype=\"https:\/\/schema.org\/CreativeWork\" ><div class=\"iconlist_content_wrap\"><header class=\"entry-content-header\" aria-label=\"Icon: EXPERI\u00caNCIA\"><div class='av_iconlist_title iconlist_title_small  '  itemprop=\"headline\" >EXPERI\u00caNCIA<\/div><\/header><div class='iconlist_content '  itemprop=\"text\" ><p>A Odeceixe Surf School est\u00e1 a funcionar desde 2008 e todos os nossos instrutores s\u00e3o certificados pela FPS e t\u00eam muitos anos de experi\u00eancia efetiva de treino de surf. N\u00f3s fomos tamb\u00e9m avaliados com 4,5 em 5 pela TripAdvisor.<\/p>\n<\/div><\/div><footer class=\"entry-footer\"><\/footer><\/article><div class=\"iconlist-timeline\"><\/div><\/li>\n<li><div class='iconlist_icon av-1rpcia-a11268237d2e7b332d2ed8f707aeba14 avia-font-entypo-fontello avia-iconfont avia-font-entypo-fontello'><span class='av-icon-char' data-av_icon='\ue8b7' data-av_iconfont='entypo-fontello' aria-hidden=\"true\"><\/span><\/div><article class=\"article-icon-entry \"  itemscope=\"itemscope\" itemtype=\"https:\/\/schema.org\/CreativeWork\" ><div class=\"iconlist_content_wrap\"><header class=\"entry-content-header\" aria-label=\"Icon: FACILIDADE\"><div class='av_iconlist_title iconlist_title_small  '  itemprop=\"headline\" >FACILIDADE<\/div><\/header><div class='iconlist_content '  itemprop=\"text\" ><p>Marca uma aula de surf ou uma sess\u00e3o de treino connosco e n\u00f3s tomaremos conta de tudo. N\u00f3s vamos buscar-te e levar-te-emos \u00e0 praia (e depois de volta a casa!). N\u00f3s fornecemos tudo o que precisas, desde o wetsuit (fato de surf) e prancha at\u00e9 ao protetor solar. N\u00f3s at\u00e9 sugerimos onde comer os melhores petiscos ap\u00f3s o surf.<\/p>\n<\/div><\/div><footer class=\"entry-footer\"><\/footer><\/article><div class=\"iconlist-timeline\"><\/div><\/li>\n<li><div class='iconlist_icon av-1lqsqq-29dfced002bde4802805a2c8a0e72047 avia-font-entypo-fontello avia-iconfont avia-font-entypo-fontello'><span class='av-icon-char' data-av_icon='\ue8b9' data-av_iconfont='entypo-fontello' aria-hidden=\"true\"><\/span><\/div><article class=\"article-icon-entry \"  itemscope=\"itemscope\" itemtype=\"https:\/\/schema.org\/CreativeWork\" ><div class=\"iconlist_content_wrap\"><header class=\"entry-content-header\" aria-label=\"Icon: SEGURAN\u00c7A\"><div class='av_iconlist_title iconlist_title_small  '  itemprop=\"headline\" >SEGURAN\u00c7A<\/div><\/header><div class='iconlist_content '  itemprop=\"text\" ><p>Todos nossos instrutores s\u00e3o nadadores-salvadores certificados treinados para responder a qualquer situa\u00e7\u00e3o na praia ou no mar, pelo que podes relaxar e apreciar a experi\u00eancia de aprender a surfar.<\/p>\n<\/div><\/div><footer class=\"entry-footer\"><\/footer><\/article><div class=\"iconlist-timeline\"><\/div><\/li>\n<li><div class='iconlist_icon av-1dbyqi-d91330dd8f71b1eba4af7f8908329d59 avia-font-entypo-fontello avia-iconfont avia-font-entypo-fontello'><span class='av-icon-char' data-av_icon='\ue841' data-av_iconfont='entypo-fontello' aria-hidden=\"true\"><\/span><\/div><article class=\"article-icon-entry \"  itemscope=\"itemscope\" itemtype=\"https:\/\/schema.org\/CreativeWork\" ><div class=\"iconlist_content_wrap\"><header class=\"entry-content-header\" aria-label=\"Icon: LOCAL\"><div class='av_iconlist_title iconlist_title_small  '  itemprop=\"headline\" >LOCAL<\/div><\/header><div class='iconlist_content '  itemprop=\"text\" ><p>N\u00f3s estamos licenciados para administrar aulas de surf em v\u00e1rias lindas praias perto de Odeceixe e monitorizamos constantemente as condi\u00e7\u00f5es de vento e ondula\u00e7\u00e3o para garantir que te levaremos \u00e0 praia com as melhores e mais seguras condi\u00e7\u00f5es para ti.<\/p>\n<\/div><\/div><footer class=\"entry-footer\"><\/footer><\/article><div class=\"iconlist-timeline\"><\/div><\/li>\n<li><div class='iconlist_icon av-4jtp6-439d32973c96c9b8093239620ca968ea avia-font-entypo-fontello avia-iconfont avia-font-entypo-fontello'><span class='av-icon-char' data-av_icon='\ue866' data-av_iconfont='entypo-fontello' aria-hidden=\"true\"><\/span><\/div><article class=\"article-icon-entry \"  itemscope=\"itemscope\" itemtype=\"https:\/\/schema.org\/CreativeWork\" ><div class=\"iconlist_content_wrap\"><header class=\"entry-content-header\" aria-label=\"Icon: LUZ SOLAR\"><div class='av_iconlist_title iconlist_title_small  '  itemprop=\"headline\" >LUZ SOLAR<\/div><\/header><div class='iconlist_content '  itemprop=\"text\" ><p>Odeceixe \u00e9 aben\u00e7oado com um clima fant\u00e1stico, com cerca de 300 dias de sol por ano.<\/p>\n<\/div><\/div><footer class=\"entry-footer\"><\/footer><\/article><div class=\"iconlist-timeline\"><\/div><\/li>\n<\/ul><\/div><\/div>\n\n<style type=\"text\/css\" data-created_by=\"avia_inline_auto\" id=\"style-css-av-10ihb6-4f6e5d7b04d1db7d3b5eedaaa11279ca\">\n.flex_column.av-10ihb6-4f6e5d7b04d1db7d3b5eedaaa11279ca{\nborder-radius:0px 0px 0px 0px;\npadding:0px 0px 0px 0px;\n}\n<\/style>\n<div  class='flex_column av-10ihb6-4f6e5d7b04d1db7d3b5eedaaa11279ca av_three_fifth  avia-builder-el-20  el_after_av_two_fifth  el_before_av_hr  flex_column_div av-zero-column-padding  '     ><p><div  class='avia-video av-35082-86b89783902db60b18d4c17014d2ef01 avia-video-16-9 av-no-preview-image avia-video-load-always av-lazyload-immediate av-lazyload-video-embed'  itemprop=\"video\" itemtype=\"https:\/\/schema.org\/VideoObject\"  data-original_url='https:\/\/www.youtube.com\/watch?v=4VT3sDQ7SL4'><script type='text\/html' class='av-video-tmpl'><div class='avia-iframe-wrap'><iframe loading=\"lazy\" width=\"1500\" height=\"844\" src=\"https:\/\/www.youtube.com\/embed\/4VT3sDQ7SL4?feature=oembed&autoplay=0&loop=0&controls=1&mute=0\" frameborder=\"0\" allow=\"autoplay; encrypted-media\" allowfullscreen><\/iframe><\/div><\/script><div class='av-click-to-play-overlay'><div class=\"avia_playpause_icon\"><\/div><\/div><\/div><br \/>\n\n<style type=\"text\/css\" data-created_by=\"avia_inline_auto\" id=\"style-css-av-pzmf6-0c947ecc468663d542a36fe730369705\">\n#top .hr.hr-invisible.av-pzmf6-0c947ecc468663d542a36fe730369705{\nheight:20px;\n}\n<\/style>\n<div  class='hr av-pzmf6-0c947ecc468663d542a36fe730369705 hr-invisible  avia-builder-el-22  el_after_av_video  el_before_av_video '><span class='hr-inner '><span class=\"hr-inner-style\"><\/span><\/span><\/div><br \/>\n<div  class='avia-video av-24zxe-72d95e6fdf5dfcd17596e9eefb83ca3b avia-video-16-9 av-no-preview-image avia-video-load-always av-lazyload-immediate av-lazyload-video-embed'  itemprop=\"video\" itemtype=\"https:\/\/schema.org\/VideoObject\"  data-original_url='https:\/\/www.youtube.com\/watch?v=mGkRKgqcUnY'><script type='text\/html' class='av-video-tmpl'><div class='avia-iframe-wrap'><iframe loading=\"lazy\" width=\"1500\" height=\"844\" src=\"https:\/\/www.youtube.com\/embed\/mGkRKgqcUnY?feature=oembed&autoplay=0&loop=0&controls=1&mute=0\" frameborder=\"0\" allow=\"autoplay; encrypted-media\" allowfullscreen><\/iframe><\/div><\/script><div class='av-click-to-play-overlay'><div class=\"avia_playpause_icon\"><\/div><\/div><\/div><\/p><\/div>\n\n<style type=\"text\/css\" data-created_by=\"avia_inline_auto\" id=\"style-css-av-1me6a-1c49596f44483861bda9864697dc82c0\">\n#top .hr.hr-invisible.av-1me6a-1c49596f44483861bda9864697dc82c0{\nheight:40px;\n}\n<\/style>\n<div  class='hr av-1me6a-1c49596f44483861bda9864697dc82c0 hr-invisible  avia-builder-el-24  el_after_av_three_fifth  el_before_av_horizontal_gallery  avia-builder-el-last '><span class='hr-inner '><span class=\"hr-inner-style\"><\/span><\/span><\/div>\n\n<style type=\"text\/css\" data-created_by=\"avia_inline_auto\" id=\"style-css-av-8vfju-446850eb52cbecc8fedeb81cd444f4d1\">\n.av-horizontal-gallery.av-8vfju-446850eb52cbecc8fedeb81cd444f4d1 .av-horizontal-gallery-inner{\npadding-bottom:10%;\n}\n<\/style>\n<div  class='av-horizontal-gallery av-8vfju-446850eb52cbecc8fedeb81cd444f4d1 av-horizontal-gallery-no-gap av-horizontal-gallery--effect  avia-builder-el-25  el_after_av_hr  avia-builder-el-last  av-slideshow-ui av-control-minimal av-slideshow-manual av-loop-once av-loop-manual-endless av-horizontal-gallery-1' data-slideshow-data=\"{&quot;animation&quot;:&quot;slide&quot;,&quot;autoplay&quot;:false,&quot;loop_autoplay&quot;:&quot;once&quot;,&quot;interval&quot;:5,&quot;loop_manual&quot;:&quot;manual-endless&quot;,&quot;autoplay_stopper&quot;:false,&quot;noNavigation&quot;:false,&quot;bg_slider&quot;:false,&quot;keep_padding&quot;:&quot;&quot;,&quot;hoverpause&quot;:false,&quot;show_slide_delay&quot;:0}\"  itemprop=\"image\" itemscope=\"itemscope\" itemtype=\"https:\/\/schema.org\/ImageObject\" ><div class='avia-slideshow-arrows avia-slideshow-controls' ><a href='#prev' class='prev-slide av-horizontal-gallery-prev avia-svg-icon avia-font-svg_entypo-fontello' data-av_svg_icon='left-open-big' data-av_iconset='svg_entypo-fontello' tabindex='-1' title=\"Previous\"><svg version=\"1.1\" xmlns=\"http:\/\/www.w3.org\/2000\/svg\" width=\"15\" height=\"32\" viewBox=\"0 0 15 32\" preserveAspectRatio=\"xMidYMid meet\" aria-labelledby='av-svg-title-1' aria-describedby='av-svg-desc-1' role=\"graphics-symbol\" aria-hidden=\"true\">\n<title id='av-svg-title-1'>Previous<\/title>\n<desc id='av-svg-desc-1'>Previous<\/desc>\n<path d=\"M14.464 27.84q0.832 0.832 0 1.536-0.832 0.832-1.536 0l-12.544-12.608q-0.768-0.768 0-1.6l12.544-12.608q0.704-0.832 1.536 0 0.832 0.704 0 1.536l-11.456 11.904z\"><\/path>\n<\/svg><span class='avia_hidden_link_text'>Previous<\/span><\/a><a href='#next' class='next-slide av-horizontal-gallery-next avia-svg-icon avia-font-svg_entypo-fontello' data-av_svg_icon='right-open-big' data-av_iconset='svg_entypo-fontello' tabindex='-1' title=\"Next\"><svg version=\"1.1\" xmlns=\"http:\/\/www.w3.org\/2000\/svg\" width=\"15\" height=\"32\" viewBox=\"0 0 15 32\" preserveAspectRatio=\"xMidYMid meet\" aria-labelledby='av-svg-title-2' aria-describedby='av-svg-desc-2' role=\"graphics-symbol\" aria-hidden=\"true\">\n<title id='av-svg-title-2'>Next<\/title>\n<desc id='av-svg-desc-2'>Next<\/desc>\n<path d=\"M0.416 27.84l11.456-11.84-11.456-11.904q-0.832-0.832 0-1.536 0.832-0.832 1.536 0l12.544 12.608q0.768 0.832 0 1.6l-12.544 12.608q-0.704 0.832-1.536 0-0.832-0.704 0-1.536z\"><\/path>\n<\/svg><span class='avia_hidden_link_text'>Next<\/span><\/a><\/div><div class='avia-slideshow-dots avia-slideshow-controls av-horizontal-gallery-dots fade-in'><a href='#1' class='goto-slide active' >1<\/a><a href='#2' class='goto-slide ' >2<\/a><a href='#3' class='goto-slide ' >3<\/a><a href='#4' class='goto-slide ' >4<\/a><a href='#5' class='goto-slide ' >5<\/a><a href='#6' class='goto-slide ' >6<\/a><a href='#7' class='goto-slide ' >7<\/a><a href='#8' class='goto-slide ' >8<\/a><a href='#9' class='goto-slide ' >9<\/a><a href='#10' class='goto-slide ' >10<\/a><a href='#11' class='goto-slide ' >11<\/a><a href='#12' class='goto-slide ' >12<\/a><a href='#13' class='goto-slide ' >13<\/a><a href='#14' class='goto-slide ' >14<\/a><a href='#15' class='goto-slide ' >15<\/a><a href='#16' class='goto-slide ' >16<\/a><a href='#17' class='goto-slide ' >17<\/a><a href='#18' class='goto-slide ' >18<\/a><a href='#19' class='goto-slide ' >19<\/a><a href='#20' class='goto-slide ' >20<\/a><a href='#21' class='goto-slide ' >21<\/a><a href='#22' class='goto-slide ' >22<\/a><a href='#23' class='goto-slide ' >23<\/a><a href='#24' class='goto-slide ' >24<\/a><\/div><div class='av-horizontal-gallery-inner' data-av-height='10'><div class=\"av-horizontal-gallery-slider\"><div class=\"av-horizontal-gallery-wrap noHover\"><img decoding=\"async\" loading=\"lazy\" class='wp-image-146 avia-img-lazy-loading-146 av-horizontal-gallery-img' width=\"260\" height=\"185\" src=\"https:\/\/odeceixesurfschool.com\/wp-content\/uploads\/2018\/03\/odeceixe-surf-camp-algarve-portugal-01-260x185.jpg\" title='Odeceixe Surf Camp | Algarve Portugal' alt='Odeceixe Surf Camp | Algarve Portugal' \/><a href=\"https:\/\/odeceixesurfschool.com\/wp-content\/uploads\/2018\/03\/odeceixe-surf-camp-algarve-portugal-01-1030x773.jpg\" data-srcset=\"https:\/\/odeceixesurfschool.com\/wp-content\/uploads\/2018\/03\/odeceixe-surf-camp-algarve-portugal-01-1030x773.jpg 1030w, https:\/\/odeceixesurfschool.com\/wp-content\/uploads\/2018\/03\/odeceixe-surf-camp-algarve-portugal-01-300x225.jpg 300w, https:\/\/odeceixesurfschool.com\/wp-content\/uploads\/2018\/03\/odeceixe-surf-camp-algarve-portugal-01-768x576.jpg 768w, https:\/\/odeceixesurfschool.com\/wp-content\/uploads\/2018\/03\/odeceixe-surf-camp-algarve-portugal-01-705x529.jpg 705w, https:\/\/odeceixesurfschool.com\/wp-content\/uploads\/2018\/03\/odeceixe-surf-camp-algarve-portugal-01-450x338.jpg 450w, https:\/\/odeceixesurfschool.com\/wp-content\/uploads\/2018\/03\/odeceixe-surf-camp-algarve-portugal-01.jpg 1400w\" data-sizes=\"(max-width: 1030px) 100vw, 1030px\" class='av-horizontal-gallery-link avia-svg-icon avia-font-svg_entypo-fontello' data-av_svg_icon='resize-full' data-av_iconset='svg_entypo-fontello' title='' alt='Odeceixe Surf Camp | Algarve Portugal' aria-label='Open image in lightbox: Odeceixe Surf Camp | Algarve Portugal'><svg version=\"1.1\" xmlns=\"http:\/\/www.w3.org\/2000\/svg\" width=\"25\" height=\"32\" viewBox=\"0 0 25 32\" preserveAspectRatio=\"xMidYMid meet\" aria-labelledby='av-svg-title-3' aria-describedby='av-svg-desc-3' role=\"graphics-symbol\" aria-hidden=\"true\">\n<title id='av-svg-title-3'>Open image in lightbox: Odeceixe Surf Camp | Algarve Portugal<\/title>\n<desc id='av-svg-desc-3'>Open image in lightbox: Odeceixe Surf Camp | Algarve Portugal<\/desc>\n<path d=\"M15.232 3.328h10.112v10.112l-3.2-3.968-4.672 4.864-3.2-3.2 4.864-4.672zM7.872 17.536l3.2 3.2-4.864 4.672 3.904 3.2h-10.112v-10.112l3.2 3.904z\"><\/path>\n<\/svg><\/a><\/div><div class=\"av-horizontal-gallery-wrap noHover\"><img decoding=\"async\" loading=\"lazy\" class='wp-image-147 avia-img-lazy-loading-147 av-horizontal-gallery-img' width=\"260\" height=\"185\" src=\"https:\/\/odeceixesurfschool.com\/wp-content\/uploads\/2018\/03\/odeceixe-surf-camp-algarve-portugal-02-260x185.jpg\" title='Odeceixe Surf Camp | Algarve Portugal' alt='Odeceixe Surf Camp | Algarve Portugal' \/><a href=\"https:\/\/odeceixesurfschool.com\/wp-content\/uploads\/2018\/03\/odeceixe-surf-camp-algarve-portugal-02-1030x773.jpg\" data-srcset=\"https:\/\/odeceixesurfschool.com\/wp-content\/uploads\/2018\/03\/odeceixe-surf-camp-algarve-portugal-02-1030x773.jpg 1030w, https:\/\/odeceixesurfschool.com\/wp-content\/uploads\/2018\/03\/odeceixe-surf-camp-algarve-portugal-02-300x225.jpg 300w, https:\/\/odeceixesurfschool.com\/wp-content\/uploads\/2018\/03\/odeceixe-surf-camp-algarve-portugal-02-768x576.jpg 768w, https:\/\/odeceixesurfschool.com\/wp-content\/uploads\/2018\/03\/odeceixe-surf-camp-algarve-portugal-02-705x529.jpg 705w, https:\/\/odeceixesurfschool.com\/wp-content\/uploads\/2018\/03\/odeceixe-surf-camp-algarve-portugal-02-450x338.jpg 450w, https:\/\/odeceixesurfschool.com\/wp-content\/uploads\/2018\/03\/odeceixe-surf-camp-algarve-portugal-02.jpg 1400w\" data-sizes=\"(max-width: 1030px) 100vw, 1030px\" class='av-horizontal-gallery-link avia-svg-icon avia-font-svg_entypo-fontello' data-av_svg_icon='resize-full' data-av_iconset='svg_entypo-fontello' title='' alt='Odeceixe Surf Camp | Algarve Portugal' aria-label='Open image in lightbox: Odeceixe Surf Camp | Algarve Portugal'><svg version=\"1.1\" xmlns=\"http:\/\/www.w3.org\/2000\/svg\" width=\"25\" height=\"32\" viewBox=\"0 0 25 32\" preserveAspectRatio=\"xMidYMid meet\" aria-labelledby='av-svg-title-4' aria-describedby='av-svg-desc-4' role=\"graphics-symbol\" aria-hidden=\"true\">\n<title id='av-svg-title-4'>Open image in lightbox: Odeceixe Surf Camp | Algarve Portugal<\/title>\n<desc id='av-svg-desc-4'>Open image in lightbox: Odeceixe Surf Camp | Algarve Portugal<\/desc>\n<path d=\"M15.232 3.328h10.112v10.112l-3.2-3.968-4.672 4.864-3.2-3.2 4.864-4.672zM7.872 17.536l3.2 3.2-4.864 4.672 3.904 3.2h-10.112v-10.112l3.2 3.904z\"><\/path>\n<\/svg><\/a><\/div><div class=\"av-horizontal-gallery-wrap noHover\"><img decoding=\"async\" loading=\"lazy\" class='wp-image-148 avia-img-lazy-loading-148 av-horizontal-gallery-img' width=\"260\" height=\"185\" src=\"https:\/\/odeceixesurfschool.com\/wp-content\/uploads\/2018\/03\/odeceixe-surf-camp-algarve-portugal-03-260x185.jpg\" title='Odeceixe Surf Camp | Algarve Portugal' alt='Odeceixe Surf Camp | Algarve Portugal' \/><a href=\"https:\/\/odeceixesurfschool.com\/wp-content\/uploads\/2018\/03\/odeceixe-surf-camp-algarve-portugal-03.jpg\" data-srcset=\"https:\/\/odeceixesurfschool.com\/wp-content\/uploads\/2018\/03\/odeceixe-surf-camp-algarve-portugal-03.jpg 746w, https:\/\/odeceixesurfschool.com\/wp-content\/uploads\/2018\/03\/odeceixe-surf-camp-algarve-portugal-03-300x204.jpg 300w, https:\/\/odeceixesurfschool.com\/wp-content\/uploads\/2018\/03\/odeceixe-surf-camp-algarve-portugal-03-705x480.jpg 705w, https:\/\/odeceixesurfschool.com\/wp-content\/uploads\/2018\/03\/odeceixe-surf-camp-algarve-portugal-03-450x306.jpg 450w\" data-sizes=\"(max-width: 746px) 100vw, 746px\" class='av-horizontal-gallery-link avia-svg-icon avia-font-svg_entypo-fontello' data-av_svg_icon='resize-full' data-av_iconset='svg_entypo-fontello' title='' alt='Odeceixe Surf Camp | Algarve Portugal' aria-label='Open image in lightbox: Odeceixe Surf Camp | Algarve Portugal'><svg version=\"1.1\" xmlns=\"http:\/\/www.w3.org\/2000\/svg\" width=\"25\" height=\"32\" viewBox=\"0 0 25 32\" preserveAspectRatio=\"xMidYMid meet\" aria-labelledby='av-svg-title-5' aria-describedby='av-svg-desc-5' role=\"graphics-symbol\" aria-hidden=\"true\">\n<title id='av-svg-title-5'>Open image in lightbox: Odeceixe Surf Camp | Algarve Portugal<\/title>\n<desc id='av-svg-desc-5'>Open image in lightbox: Odeceixe Surf Camp | Algarve Portugal<\/desc>\n<path d=\"M15.232 3.328h10.112v10.112l-3.2-3.968-4.672 4.864-3.2-3.2 4.864-4.672zM7.872 17.536l3.2 3.2-4.864 4.672 3.904 3.2h-10.112v-10.112l3.2 3.904z\"><\/path>\n<\/svg><\/a><\/div><div class=\"av-horizontal-gallery-wrap noHover\"><img decoding=\"async\" loading=\"lazy\" class='wp-image-149 avia-img-lazy-loading-149 av-horizontal-gallery-img' width=\"260\" height=\"185\" src=\"https:\/\/odeceixesurfschool.com\/wp-content\/uploads\/2018\/03\/odeceixe-surf-camp-algarve-portugal-04-260x185.jpg\" title='Odeceixe Surf Camp | Algarve Portugal' alt='Odeceixe Surf Camp | Algarve Portugal' \/><a href=\"https:\/\/odeceixesurfschool.com\/wp-content\/uploads\/2018\/03\/odeceixe-surf-camp-algarve-portugal-04-1030x686.jpg\" data-srcset=\"https:\/\/odeceixesurfschool.com\/wp-content\/uploads\/2018\/03\/odeceixe-surf-camp-algarve-portugal-04-1030x686.jpg 1030w, https:\/\/odeceixesurfschool.com\/wp-content\/uploads\/2018\/03\/odeceixe-surf-camp-algarve-portugal-04-300x200.jpg 300w, https:\/\/odeceixesurfschool.com\/wp-content\/uploads\/2018\/03\/odeceixe-surf-camp-algarve-portugal-04-768x512.jpg 768w, https:\/\/odeceixesurfschool.com\/wp-content\/uploads\/2018\/03\/odeceixe-surf-camp-algarve-portugal-04-705x470.jpg 705w, https:\/\/odeceixesurfschool.com\/wp-content\/uploads\/2018\/03\/odeceixe-surf-camp-algarve-portugal-04-450x300.jpg 450w, https:\/\/odeceixesurfschool.com\/wp-content\/uploads\/2018\/03\/odeceixe-surf-camp-algarve-portugal-04.jpg 1400w\" data-sizes=\"(max-width: 1030px) 100vw, 1030px\" class='av-horizontal-gallery-link avia-svg-icon avia-font-svg_entypo-fontello' data-av_svg_icon='resize-full' data-av_iconset='svg_entypo-fontello' title='' alt='Odeceixe Surf Camp | Algarve Portugal' aria-label='Open image in lightbox: Odeceixe Surf Camp | Algarve Portugal'><svg version=\"1.1\" xmlns=\"http:\/\/www.w3.org\/2000\/svg\" width=\"25\" height=\"32\" viewBox=\"0 0 25 32\" preserveAspectRatio=\"xMidYMid meet\" aria-labelledby='av-svg-title-6' aria-describedby='av-svg-desc-6' role=\"graphics-symbol\" aria-hidden=\"true\">\n<title id='av-svg-title-6'>Open image in lightbox: Odeceixe Surf Camp | Algarve Portugal<\/title>\n<desc id='av-svg-desc-6'>Open image in lightbox: Odeceixe Surf Camp | Algarve Portugal<\/desc>\n<path d=\"M15.232 3.328h10.112v10.112l-3.2-3.968-4.672 4.864-3.2-3.2 4.864-4.672zM7.872 17.536l3.2 3.2-4.864 4.672 3.904 3.2h-10.112v-10.112l3.2 3.904z\"><\/path>\n<\/svg><\/a><\/div><div class=\"av-horizontal-gallery-wrap noHover\"><img decoding=\"async\" loading=\"lazy\" class='wp-image-150 avia-img-lazy-loading-150 av-horizontal-gallery-img' width=\"260\" height=\"185\" src=\"https:\/\/odeceixesurfschool.com\/wp-content\/uploads\/2018\/03\/odeceixe-surf-camp-algarve-portugal-05-260x185.jpg\" title='Odeceixe Surf Camp | Algarve Portugal' alt='Odeceixe Surf Camp | Algarve Portugal' \/><a href=\"https:\/\/odeceixesurfschool.com\/wp-content\/uploads\/2018\/03\/odeceixe-surf-camp-algarve-portugal-05-1030x773.jpg\" data-srcset=\"https:\/\/odeceixesurfschool.com\/wp-content\/uploads\/2018\/03\/odeceixe-surf-camp-algarve-portugal-05-1030x773.jpg 1030w, https:\/\/odeceixesurfschool.com\/wp-content\/uploads\/2018\/03\/odeceixe-surf-camp-algarve-portugal-05-300x225.jpg 300w, https:\/\/odeceixesurfschool.com\/wp-content\/uploads\/2018\/03\/odeceixe-surf-camp-algarve-portugal-05-768x576.jpg 768w, https:\/\/odeceixesurfschool.com\/wp-content\/uploads\/2018\/03\/odeceixe-surf-camp-algarve-portugal-05-705x529.jpg 705w, https:\/\/odeceixesurfschool.com\/wp-content\/uploads\/2018\/03\/odeceixe-surf-camp-algarve-portugal-05-450x338.jpg 450w, https:\/\/odeceixesurfschool.com\/wp-content\/uploads\/2018\/03\/odeceixe-surf-camp-algarve-portugal-05.jpg 1400w\" data-sizes=\"(max-width: 1030px) 100vw, 1030px\" class='av-horizontal-gallery-link avia-svg-icon avia-font-svg_entypo-fontello' data-av_svg_icon='resize-full' data-av_iconset='svg_entypo-fontello' title='' alt='Odeceixe Surf Camp | Algarve Portugal' aria-label='Open image in lightbox: Odeceixe Surf Camp | Algarve Portugal'><svg version=\"1.1\" xmlns=\"http:\/\/www.w3.org\/2000\/svg\" width=\"25\" height=\"32\" viewBox=\"0 0 25 32\" preserveAspectRatio=\"xMidYMid meet\" aria-labelledby='av-svg-title-7' aria-describedby='av-svg-desc-7' role=\"graphics-symbol\" aria-hidden=\"true\">\n<title id='av-svg-title-7'>Open image in lightbox: Odeceixe Surf Camp | Algarve Portugal<\/title>\n<desc id='av-svg-desc-7'>Open image in lightbox: Odeceixe Surf Camp | Algarve Portugal<\/desc>\n<path d=\"M15.232 3.328h10.112v10.112l-3.2-3.968-4.672 4.864-3.2-3.2 4.864-4.672zM7.872 17.536l3.2 3.2-4.864 4.672 3.904 3.2h-10.112v-10.112l3.2 3.904z\"><\/path>\n<\/svg><\/a><\/div><div class=\"av-horizontal-gallery-wrap noHover\"><img decoding=\"async\" loading=\"lazy\" class='wp-image-151 avia-img-lazy-loading-151 av-horizontal-gallery-img' width=\"260\" height=\"185\" src=\"https:\/\/odeceixesurfschool.com\/wp-content\/uploads\/2018\/03\/odeceixe-surf-camp-algarve-portugal-06-260x185.jpg\" title='Odeceixe Surf Camp | Algarve Portugal' alt='Odeceixe Surf Camp | Algarve Portugal' \/><a href=\"https:\/\/odeceixesurfschool.com\/wp-content\/uploads\/2018\/03\/odeceixe-surf-camp-algarve-portugal-06-1030x773.jpg\" data-srcset=\"https:\/\/odeceixesurfschool.com\/wp-content\/uploads\/2018\/03\/odeceixe-surf-camp-algarve-portugal-06-1030x773.jpg 1030w, https:\/\/odeceixesurfschool.com\/wp-content\/uploads\/2018\/03\/odeceixe-surf-camp-algarve-portugal-06-300x225.jpg 300w, https:\/\/odeceixesurfschool.com\/wp-content\/uploads\/2018\/03\/odeceixe-surf-camp-algarve-portugal-06-768x576.jpg 768w, https:\/\/odeceixesurfschool.com\/wp-content\/uploads\/2018\/03\/odeceixe-surf-camp-algarve-portugal-06-705x529.jpg 705w, https:\/\/odeceixesurfschool.com\/wp-content\/uploads\/2018\/03\/odeceixe-surf-camp-algarve-portugal-06-450x338.jpg 450w, https:\/\/odeceixesurfschool.com\/wp-content\/uploads\/2018\/03\/odeceixe-surf-camp-algarve-portugal-06.jpg 1400w\" data-sizes=\"(max-width: 1030px) 100vw, 1030px\" class='av-horizontal-gallery-link avia-svg-icon avia-font-svg_entypo-fontello' data-av_svg_icon='resize-full' data-av_iconset='svg_entypo-fontello' title='' alt='Odeceixe Surf Camp | Algarve Portugal' aria-label='Open image in lightbox: Odeceixe Surf Camp | Algarve Portugal'><svg version=\"1.1\" xmlns=\"http:\/\/www.w3.org\/2000\/svg\" width=\"25\" height=\"32\" viewBox=\"0 0 25 32\" preserveAspectRatio=\"xMidYMid meet\" aria-labelledby='av-svg-title-8' aria-describedby='av-svg-desc-8' role=\"graphics-symbol\" aria-hidden=\"true\">\n<title id='av-svg-title-8'>Open image in lightbox: Odeceixe Surf Camp | Algarve Portugal<\/title>\n<desc id='av-svg-desc-8'>Open image in lightbox: Odeceixe Surf Camp | Algarve Portugal<\/desc>\n<path d=\"M15.232 3.328h10.112v10.112l-3.2-3.968-4.672 4.864-3.2-3.2 4.864-4.672zM7.872 17.536l3.2 3.2-4.864 4.672 3.904 3.2h-10.112v-10.112l3.2 3.904z\"><\/path>\n<\/svg><\/a><\/div><div class=\"av-horizontal-gallery-wrap noHover\"><img decoding=\"async\" loading=\"lazy\" class='wp-image-152 avia-img-lazy-loading-152 av-horizontal-gallery-img' width=\"260\" height=\"185\" src=\"https:\/\/odeceixesurfschool.com\/wp-content\/uploads\/2018\/03\/odeceixe-surf-camp-algarve-portugal-07-260x185.jpg\" title='Odeceixe Surf Camp | Algarve Portugal' alt='Odeceixe Surf Camp | Algarve Portugal' \/><a href=\"https:\/\/odeceixesurfschool.com\/wp-content\/uploads\/2018\/03\/odeceixe-surf-camp-algarve-portugal-07-1030x686.jpg\" data-srcset=\"https:\/\/odeceixesurfschool.com\/wp-content\/uploads\/2018\/03\/odeceixe-surf-camp-algarve-portugal-07-1030x686.jpg 1030w, https:\/\/odeceixesurfschool.com\/wp-content\/uploads\/2018\/03\/odeceixe-surf-camp-algarve-portugal-07-300x200.jpg 300w, https:\/\/odeceixesurfschool.com\/wp-content\/uploads\/2018\/03\/odeceixe-surf-camp-algarve-portugal-07-768x512.jpg 768w, https:\/\/odeceixesurfschool.com\/wp-content\/uploads\/2018\/03\/odeceixe-surf-camp-algarve-portugal-07-705x470.jpg 705w, https:\/\/odeceixesurfschool.com\/wp-content\/uploads\/2018\/03\/odeceixe-surf-camp-algarve-portugal-07-450x300.jpg 450w, https:\/\/odeceixesurfschool.com\/wp-content\/uploads\/2018\/03\/odeceixe-surf-camp-algarve-portugal-07.jpg 1400w\" data-sizes=\"(max-width: 1030px) 100vw, 1030px\" class='av-horizontal-gallery-link avia-svg-icon avia-font-svg_entypo-fontello' data-av_svg_icon='resize-full' data-av_iconset='svg_entypo-fontello' title='' alt='Odeceixe Surf Camp | Algarve Portugal' aria-label='Open image in lightbox: Odeceixe Surf Camp | Algarve Portugal'><svg version=\"1.1\" xmlns=\"http:\/\/www.w3.org\/2000\/svg\" width=\"25\" height=\"32\" viewBox=\"0 0 25 32\" preserveAspectRatio=\"xMidYMid meet\" aria-labelledby='av-svg-title-9' aria-describedby='av-svg-desc-9' role=\"graphics-symbol\" aria-hidden=\"true\">\n<title id='av-svg-title-9'>Open image in lightbox: Odeceixe Surf Camp | Algarve Portugal<\/title>\n<desc id='av-svg-desc-9'>Open image in lightbox: Odeceixe Surf Camp | Algarve Portugal<\/desc>\n<path d=\"M15.232 3.328h10.112v10.112l-3.2-3.968-4.672 4.864-3.2-3.2 4.864-4.672zM7.872 17.536l3.2 3.2-4.864 4.672 3.904 3.2h-10.112v-10.112l3.2 3.904z\"><\/path>\n<\/svg><\/a><\/div><div class=\"av-horizontal-gallery-wrap noHover\"><img decoding=\"async\" loading=\"lazy\" class='wp-image-153 avia-img-lazy-loading-153 av-horizontal-gallery-img' width=\"260\" height=\"185\" src=\"https:\/\/odeceixesurfschool.com\/wp-content\/uploads\/2018\/03\/odeceixe-surf-camp-algarve-portugal-08-260x185.jpg\" title='Odeceixe Surf Camp | Algarve Portugal' alt='Odeceixe Surf Camp | Algarve Portugal' \/><a href=\"https:\/\/odeceixesurfschool.com\/wp-content\/uploads\/2018\/03\/odeceixe-surf-camp-algarve-portugal-08-1030x773.jpg\" data-srcset=\"https:\/\/odeceixesurfschool.com\/wp-content\/uploads\/2018\/03\/odeceixe-surf-camp-algarve-portugal-08-1030x773.jpg 1030w, https:\/\/odeceixesurfschool.com\/wp-content\/uploads\/2018\/03\/odeceixe-surf-camp-algarve-portugal-08-300x225.jpg 300w, https:\/\/odeceixesurfschool.com\/wp-content\/uploads\/2018\/03\/odeceixe-surf-camp-algarve-portugal-08-768x576.jpg 768w, https:\/\/odeceixesurfschool.com\/wp-content\/uploads\/2018\/03\/odeceixe-surf-camp-algarve-portugal-08-705x529.jpg 705w, https:\/\/odeceixesurfschool.com\/wp-content\/uploads\/2018\/03\/odeceixe-surf-camp-algarve-portugal-08-450x338.jpg 450w, https:\/\/odeceixesurfschool.com\/wp-content\/uploads\/2018\/03\/odeceixe-surf-camp-algarve-portugal-08.jpg 1400w\" data-sizes=\"(max-width: 1030px) 100vw, 1030px\" class='av-horizontal-gallery-link avia-svg-icon avia-font-svg_entypo-fontello' data-av_svg_icon='resize-full' data-av_iconset='svg_entypo-fontello' title='' alt='Odeceixe Surf Camp | Algarve Portugal' aria-label='Open image in lightbox: Odeceixe Surf Camp | Algarve Portugal'><svg version=\"1.1\" xmlns=\"http:\/\/www.w3.org\/2000\/svg\" width=\"25\" height=\"32\" viewBox=\"0 0 25 32\" preserveAspectRatio=\"xMidYMid meet\" aria-labelledby='av-svg-title-10' aria-describedby='av-svg-desc-10' role=\"graphics-symbol\" aria-hidden=\"true\">\n<title id='av-svg-title-10'>Open image in lightbox: Odeceixe Surf Camp | Algarve Portugal<\/title>\n<desc id='av-svg-desc-10'>Open image in lightbox: Odeceixe Surf Camp | Algarve Portugal<\/desc>\n<path d=\"M15.232 3.328h10.112v10.112l-3.2-3.968-4.672 4.864-3.2-3.2 4.864-4.672zM7.872 17.536l3.2 3.2-4.864 4.672 3.904 3.2h-10.112v-10.112l3.2 3.904z\"><\/path>\n<\/svg><\/a><\/div><div class=\"av-horizontal-gallery-wrap noHover\"><img decoding=\"async\" loading=\"lazy\" class='wp-image-154 avia-img-lazy-loading-154 av-horizontal-gallery-img' width=\"260\" height=\"185\" src=\"https:\/\/odeceixesurfschool.com\/wp-content\/uploads\/2018\/03\/odeceixe-surf-camp-algarve-portugal-09-260x185.jpg\" title='Odeceixe Surf Camp | Algarve Portugal' alt='Odeceixe Surf Camp | Algarve Portugal' \/><a href=\"https:\/\/odeceixesurfschool.com\/wp-content\/uploads\/2018\/03\/odeceixe-surf-camp-algarve-portugal-09-1030x686.jpg\" data-srcset=\"https:\/\/odeceixesurfschool.com\/wp-content\/uploads\/2018\/03\/odeceixe-surf-camp-algarve-portugal-09-1030x686.jpg 1030w, https:\/\/odeceixesurfschool.com\/wp-content\/uploads\/2018\/03\/odeceixe-surf-camp-algarve-portugal-09-300x200.jpg 300w, https:\/\/odeceixesurfschool.com\/wp-content\/uploads\/2018\/03\/odeceixe-surf-camp-algarve-portugal-09-768x512.jpg 768w, https:\/\/odeceixesurfschool.com\/wp-content\/uploads\/2018\/03\/odeceixe-surf-camp-algarve-portugal-09-705x470.jpg 705w, https:\/\/odeceixesurfschool.com\/wp-content\/uploads\/2018\/03\/odeceixe-surf-camp-algarve-portugal-09-450x300.jpg 450w, https:\/\/odeceixesurfschool.com\/wp-content\/uploads\/2018\/03\/odeceixe-surf-camp-algarve-portugal-09.jpg 1400w\" data-sizes=\"(max-width: 1030px) 100vw, 1030px\" class='av-horizontal-gallery-link avia-svg-icon avia-font-svg_entypo-fontello' data-av_svg_icon='resize-full' data-av_iconset='svg_entypo-fontello' title='' alt='Odeceixe Surf Camp | Algarve Portugal' aria-label='Open image in lightbox: Odeceixe Surf Camp | Algarve Portugal'><svg version=\"1.1\" xmlns=\"http:\/\/www.w3.org\/2000\/svg\" width=\"25\" height=\"32\" viewBox=\"0 0 25 32\" preserveAspectRatio=\"xMidYMid meet\" aria-labelledby='av-svg-title-11' aria-describedby='av-svg-desc-11' role=\"graphics-symbol\" aria-hidden=\"true\">\n<title id='av-svg-title-11'>Open image in lightbox: Odeceixe Surf Camp | Algarve Portugal<\/title>\n<desc id='av-svg-desc-11'>Open image in lightbox: Odeceixe Surf Camp | Algarve Portugal<\/desc>\n<path d=\"M15.232 3.328h10.112v10.112l-3.2-3.968-4.672 4.864-3.2-3.2 4.864-4.672zM7.872 17.536l3.2 3.2-4.864 4.672 3.904 3.2h-10.112v-10.112l3.2 3.904z\"><\/path>\n<\/svg><\/a><\/div><div class=\"av-horizontal-gallery-wrap noHover\"><img decoding=\"async\" loading=\"lazy\" class='wp-image-155 avia-img-lazy-loading-155 av-horizontal-gallery-img' width=\"260\" height=\"185\" src=\"https:\/\/odeceixesurfschool.com\/wp-content\/uploads\/2018\/03\/odeceixe-surf-camp-algarve-portugal-10-260x185.jpg\" title='Odeceixe Surf Camp | Algarve Portugal' alt='Odeceixe Surf Camp | Algarve Portugal' \/><a href=\"https:\/\/odeceixesurfschool.com\/wp-content\/uploads\/2018\/03\/odeceixe-surf-camp-algarve-portugal-10-1030x686.jpg\" data-srcset=\"https:\/\/odeceixesurfschool.com\/wp-content\/uploads\/2018\/03\/odeceixe-surf-camp-algarve-portugal-10-1030x686.jpg 1030w, https:\/\/odeceixesurfschool.com\/wp-content\/uploads\/2018\/03\/odeceixe-surf-camp-algarve-portugal-10-300x200.jpg 300w, https:\/\/odeceixesurfschool.com\/wp-content\/uploads\/2018\/03\/odeceixe-surf-camp-algarve-portugal-10-768x512.jpg 768w, https:\/\/odeceixesurfschool.com\/wp-content\/uploads\/2018\/03\/odeceixe-surf-camp-algarve-portugal-10-705x470.jpg 705w, https:\/\/odeceixesurfschool.com\/wp-content\/uploads\/2018\/03\/odeceixe-surf-camp-algarve-portugal-10-450x300.jpg 450w, https:\/\/odeceixesurfschool.com\/wp-content\/uploads\/2018\/03\/odeceixe-surf-camp-algarve-portugal-10.jpg 1400w\" data-sizes=\"(max-width: 1030px) 100vw, 1030px\" class='av-horizontal-gallery-link avia-svg-icon avia-font-svg_entypo-fontello' data-av_svg_icon='resize-full' data-av_iconset='svg_entypo-fontello' title='' alt='Odeceixe Surf Camp | Algarve Portugal' aria-label='Open image in lightbox: Odeceixe Surf Camp | Algarve Portugal'><svg version=\"1.1\" xmlns=\"http:\/\/www.w3.org\/2000\/svg\" width=\"25\" height=\"32\" viewBox=\"0 0 25 32\" preserveAspectRatio=\"xMidYMid meet\" aria-labelledby='av-svg-title-12' aria-describedby='av-svg-desc-12' role=\"graphics-symbol\" aria-hidden=\"true\">\n<title id='av-svg-title-12'>Open image in lightbox: Odeceixe Surf Camp | Algarve Portugal<\/title>\n<desc id='av-svg-desc-12'>Open image in lightbox: Odeceixe Surf Camp | Algarve Portugal<\/desc>\n<path d=\"M15.232 3.328h10.112v10.112l-3.2-3.968-4.672 4.864-3.2-3.2 4.864-4.672zM7.872 17.536l3.2 3.2-4.864 4.672 3.904 3.2h-10.112v-10.112l3.2 3.904z\"><\/path>\n<\/svg><\/a><\/div><div class=\"av-horizontal-gallery-wrap noHover\"><img decoding=\"async\" loading=\"lazy\" class='wp-image-156 avia-img-lazy-loading-156 av-horizontal-gallery-img' width=\"260\" height=\"185\" src=\"https:\/\/odeceixesurfschool.com\/wp-content\/uploads\/2018\/03\/odeceixe-surf-camp-algarve-portugal-11-260x185.jpg\" title='Odeceixe Surf Camp | Algarve Portugal' alt='Odeceixe Surf Camp | Algarve Portugal' \/><a href=\"https:\/\/odeceixesurfschool.com\/wp-content\/uploads\/2018\/03\/odeceixe-surf-camp-algarve-portugal-11-1030x687.jpg\" data-srcset=\"https:\/\/odeceixesurfschool.com\/wp-content\/uploads\/2018\/03\/odeceixe-surf-camp-algarve-portugal-11-1030x687.jpg 1030w, https:\/\/odeceixesurfschool.com\/wp-content\/uploads\/2018\/03\/odeceixe-surf-camp-algarve-portugal-11-300x200.jpg 300w, https:\/\/odeceixesurfschool.com\/wp-content\/uploads\/2018\/03\/odeceixe-surf-camp-algarve-portugal-11-768x512.jpg 768w, https:\/\/odeceixesurfschool.com\/wp-content\/uploads\/2018\/03\/odeceixe-surf-camp-algarve-portugal-11-705x470.jpg 705w, https:\/\/odeceixesurfschool.com\/wp-content\/uploads\/2018\/03\/odeceixe-surf-camp-algarve-portugal-11-450x300.jpg 450w, https:\/\/odeceixesurfschool.com\/wp-content\/uploads\/2018\/03\/odeceixe-surf-camp-algarve-portugal-11.jpg 1400w\" data-sizes=\"(max-width: 1030px) 100vw, 1030px\" class='av-horizontal-gallery-link avia-svg-icon avia-font-svg_entypo-fontello' data-av_svg_icon='resize-full' data-av_iconset='svg_entypo-fontello' title='' alt='Odeceixe Surf Camp | Algarve Portugal' aria-label='Open image in lightbox: Odeceixe Surf Camp | Algarve Portugal'><svg version=\"1.1\" xmlns=\"http:\/\/www.w3.org\/2000\/svg\" width=\"25\" height=\"32\" viewBox=\"0 0 25 32\" preserveAspectRatio=\"xMidYMid meet\" aria-labelledby='av-svg-title-13' aria-describedby='av-svg-desc-13' role=\"graphics-symbol\" aria-hidden=\"true\">\n<title id='av-svg-title-13'>Open image in lightbox: Odeceixe Surf Camp | Algarve Portugal<\/title>\n<desc id='av-svg-desc-13'>Open image in lightbox: Odeceixe Surf Camp | Algarve Portugal<\/desc>\n<path d=\"M15.232 3.328h10.112v10.112l-3.2-3.968-4.672 4.864-3.2-3.2 4.864-4.672zM7.872 17.536l3.2 3.2-4.864 4.672 3.904 3.2h-10.112v-10.112l3.2 3.904z\"><\/path>\n<\/svg><\/a><\/div><div class=\"av-horizontal-gallery-wrap noHover\"><img decoding=\"async\" loading=\"lazy\" class='wp-image-157 avia-img-lazy-loading-157 av-horizontal-gallery-img' width=\"260\" height=\"185\" src=\"https:\/\/odeceixesurfschool.com\/wp-content\/uploads\/2018\/03\/odeceixe-surf-camp-algarve-portugal-12-260x185.jpg\" title='Odeceixe Surf Camp | Algarve Portugal' alt='Odeceixe Surf Camp | Algarve Portugal' \/><a href=\"https:\/\/odeceixesurfschool.com\/wp-content\/uploads\/2018\/03\/odeceixe-surf-camp-algarve-portugal-12-1030x686.jpg\" data-srcset=\"https:\/\/odeceixesurfschool.com\/wp-content\/uploads\/2018\/03\/odeceixe-surf-camp-algarve-portugal-12-1030x686.jpg 1030w, https:\/\/odeceixesurfschool.com\/wp-content\/uploads\/2018\/03\/odeceixe-surf-camp-algarve-portugal-12-300x200.jpg 300w, https:\/\/odeceixesurfschool.com\/wp-content\/uploads\/2018\/03\/odeceixe-surf-camp-algarve-portugal-12-768x512.jpg 768w, https:\/\/odeceixesurfschool.com\/wp-content\/uploads\/2018\/03\/odeceixe-surf-camp-algarve-portugal-12-705x470.jpg 705w, https:\/\/odeceixesurfschool.com\/wp-content\/uploads\/2018\/03\/odeceixe-surf-camp-algarve-portugal-12-450x300.jpg 450w, https:\/\/odeceixesurfschool.com\/wp-content\/uploads\/2018\/03\/odeceixe-surf-camp-algarve-portugal-12.jpg 1400w\" data-sizes=\"(max-width: 1030px) 100vw, 1030px\" class='av-horizontal-gallery-link avia-svg-icon avia-font-svg_entypo-fontello' data-av_svg_icon='resize-full' data-av_iconset='svg_entypo-fontello' title='' alt='Odeceixe Surf Camp | Algarve Portugal' aria-label='Open image in lightbox: Odeceixe Surf Camp | Algarve Portugal'><svg version=\"1.1\" xmlns=\"http:\/\/www.w3.org\/2000\/svg\" width=\"25\" height=\"32\" viewBox=\"0 0 25 32\" preserveAspectRatio=\"xMidYMid meet\" aria-labelledby='av-svg-title-14' aria-describedby='av-svg-desc-14' role=\"graphics-symbol\" aria-hidden=\"true\">\n<title id='av-svg-title-14'>Open image in lightbox: Odeceixe Surf Camp | Algarve Portugal<\/title>\n<desc id='av-svg-desc-14'>Open image in lightbox: Odeceixe Surf Camp | Algarve Portugal<\/desc>\n<path d=\"M15.232 3.328h10.112v10.112l-3.2-3.968-4.672 4.864-3.2-3.2 4.864-4.672zM7.872 17.536l3.2 3.2-4.864 4.672 3.904 3.2h-10.112v-10.112l3.2 3.904z\"><\/path>\n<\/svg><\/a><\/div><div class=\"av-horizontal-gallery-wrap noHover\"><img decoding=\"async\" loading=\"lazy\" class='wp-image-158 avia-img-lazy-loading-158 av-horizontal-gallery-img' width=\"260\" height=\"185\" src=\"https:\/\/odeceixesurfschool.com\/wp-content\/uploads\/2018\/03\/odeceixe-surf-camp-algarve-portugal-13-260x185.jpg\" title='Odeceixe Surf Camp | Algarve Portugal' alt='Odeceixe Surf Camp | Algarve Portugal' \/><a href=\"https:\/\/odeceixesurfschool.com\/wp-content\/uploads\/2018\/03\/odeceixe-surf-camp-algarve-portugal-13-1030x687.jpg\" data-srcset=\"https:\/\/odeceixesurfschool.com\/wp-content\/uploads\/2018\/03\/odeceixe-surf-camp-algarve-portugal-13-1030x687.jpg 1030w, https:\/\/odeceixesurfschool.com\/wp-content\/uploads\/2018\/03\/odeceixe-surf-camp-algarve-portugal-13-300x200.jpg 300w, https:\/\/odeceixesurfschool.com\/wp-content\/uploads\/2018\/03\/odeceixe-surf-camp-algarve-portugal-13-768x512.jpg 768w, https:\/\/odeceixesurfschool.com\/wp-content\/uploads\/2018\/03\/odeceixe-surf-camp-algarve-portugal-13-705x470.jpg 705w, https:\/\/odeceixesurfschool.com\/wp-content\/uploads\/2018\/03\/odeceixe-surf-camp-algarve-portugal-13-450x300.jpg 450w, https:\/\/odeceixesurfschool.com\/wp-content\/uploads\/2018\/03\/odeceixe-surf-camp-algarve-portugal-13.jpg 1400w\" data-sizes=\"(max-width: 1030px) 100vw, 1030px\" class='av-horizontal-gallery-link avia-svg-icon avia-font-svg_entypo-fontello' data-av_svg_icon='resize-full' data-av_iconset='svg_entypo-fontello' title='' alt='Odeceixe Surf Camp | Algarve Portugal' aria-label='Open image in lightbox: Odeceixe Surf Camp | Algarve Portugal'><svg version=\"1.1\" xmlns=\"http:\/\/www.w3.org\/2000\/svg\" width=\"25\" height=\"32\" viewBox=\"0 0 25 32\" preserveAspectRatio=\"xMidYMid meet\" aria-labelledby='av-svg-title-15' aria-describedby='av-svg-desc-15' role=\"graphics-symbol\" aria-hidden=\"true\">\n<title id='av-svg-title-15'>Open image in lightbox: Odeceixe Surf Camp | Algarve Portugal<\/title>\n<desc id='av-svg-desc-15'>Open image in lightbox: Odeceixe Surf Camp | Algarve Portugal<\/desc>\n<path d=\"M15.232 3.328h10.112v10.112l-3.2-3.968-4.672 4.864-3.2-3.2 4.864-4.672zM7.872 17.536l3.2 3.2-4.864 4.672 3.904 3.2h-10.112v-10.112l3.2 3.904z\"><\/path>\n<\/svg><\/a><\/div><div class=\"av-horizontal-gallery-wrap noHover\"><img decoding=\"async\" loading=\"lazy\" class='wp-image-159 avia-img-lazy-loading-159 av-horizontal-gallery-img' width=\"260\" height=\"185\" src=\"https:\/\/odeceixesurfschool.com\/wp-content\/uploads\/2018\/03\/odeceixe-surf-camp-algarve-portugal-14-260x185.jpg\" title='Odeceixe Surf Camp | Algarve Portugal' alt='Odeceixe Surf Camp | Algarve Portugal' \/><a href=\"https:\/\/odeceixesurfschool.com\/wp-content\/uploads\/2018\/03\/odeceixe-surf-camp-algarve-portugal-14-1030x687.jpg\" data-srcset=\"https:\/\/odeceixesurfschool.com\/wp-content\/uploads\/2018\/03\/odeceixe-surf-camp-algarve-portugal-14-1030x687.jpg 1030w, https:\/\/odeceixesurfschool.com\/wp-content\/uploads\/2018\/03\/odeceixe-surf-camp-algarve-portugal-14-300x200.jpg 300w, https:\/\/odeceixesurfschool.com\/wp-content\/uploads\/2018\/03\/odeceixe-surf-camp-algarve-portugal-14-768x512.jpg 768w, https:\/\/odeceixesurfschool.com\/wp-content\/uploads\/2018\/03\/odeceixe-surf-camp-algarve-portugal-14-705x470.jpg 705w, https:\/\/odeceixesurfschool.com\/wp-content\/uploads\/2018\/03\/odeceixe-surf-camp-algarve-portugal-14-450x300.jpg 450w, https:\/\/odeceixesurfschool.com\/wp-content\/uploads\/2018\/03\/odeceixe-surf-camp-algarve-portugal-14.jpg 1400w\" data-sizes=\"(max-width: 1030px) 100vw, 1030px\" class='av-horizontal-gallery-link avia-svg-icon avia-font-svg_entypo-fontello' data-av_svg_icon='resize-full' data-av_iconset='svg_entypo-fontello' title='' alt='Odeceixe Surf Camp | Algarve Portugal' aria-label='Open image in lightbox: Odeceixe Surf Camp | Algarve Portugal'><svg version=\"1.1\" xmlns=\"http:\/\/www.w3.org\/2000\/svg\" width=\"25\" height=\"32\" viewBox=\"0 0 25 32\" preserveAspectRatio=\"xMidYMid meet\" aria-labelledby='av-svg-title-16' aria-describedby='av-svg-desc-16' role=\"graphics-symbol\" aria-hidden=\"true\">\n<title id='av-svg-title-16'>Open image in lightbox: Odeceixe Surf Camp | Algarve Portugal<\/title>\n<desc id='av-svg-desc-16'>Open image in lightbox: Odeceixe Surf Camp | Algarve Portugal<\/desc>\n<path d=\"M15.232 3.328h10.112v10.112l-3.2-3.968-4.672 4.864-3.2-3.2 4.864-4.672zM7.872 17.536l3.2 3.2-4.864 4.672 3.904 3.2h-10.112v-10.112l3.2 3.904z\"><\/path>\n<\/svg><\/a><\/div><div class=\"av-horizontal-gallery-wrap noHover\"><img decoding=\"async\" loading=\"lazy\" class='wp-image-160 avia-img-lazy-loading-160 av-horizontal-gallery-img' width=\"260\" height=\"185\" src=\"https:\/\/odeceixesurfschool.com\/wp-content\/uploads\/2018\/03\/odeceixe-surf-camp-algarve-portugal-15-260x185.jpg\" title='Odeceixe Surf Camp | Algarve Portugal' alt='Odeceixe Surf Camp | Algarve Portugal' \/><a href=\"https:\/\/odeceixesurfschool.com\/wp-content\/uploads\/2018\/03\/odeceixe-surf-camp-algarve-portugal-15-1030x773.jpg\" data-srcset=\"https:\/\/odeceixesurfschool.com\/wp-content\/uploads\/2018\/03\/odeceixe-surf-camp-algarve-portugal-15-1030x773.jpg 1030w, https:\/\/odeceixesurfschool.com\/wp-content\/uploads\/2018\/03\/odeceixe-surf-camp-algarve-portugal-15-300x225.jpg 300w, https:\/\/odeceixesurfschool.com\/wp-content\/uploads\/2018\/03\/odeceixe-surf-camp-algarve-portugal-15-768x576.jpg 768w, https:\/\/odeceixesurfschool.com\/wp-content\/uploads\/2018\/03\/odeceixe-surf-camp-algarve-portugal-15-705x529.jpg 705w, https:\/\/odeceixesurfschool.com\/wp-content\/uploads\/2018\/03\/odeceixe-surf-camp-algarve-portugal-15-450x338.jpg 450w, https:\/\/odeceixesurfschool.com\/wp-content\/uploads\/2018\/03\/odeceixe-surf-camp-algarve-portugal-15.jpg 1400w\" data-sizes=\"(max-width: 1030px) 100vw, 1030px\" class='av-horizontal-gallery-link avia-svg-icon avia-font-svg_entypo-fontello' data-av_svg_icon='resize-full' data-av_iconset='svg_entypo-fontello' title='' alt='Odeceixe Surf Camp | Algarve Portugal' aria-label='Open image in lightbox: Odeceixe Surf Camp | Algarve Portugal'><svg version=\"1.1\" xmlns=\"http:\/\/www.w3.org\/2000\/svg\" width=\"25\" height=\"32\" viewBox=\"0 0 25 32\" preserveAspectRatio=\"xMidYMid meet\" aria-labelledby='av-svg-title-17' aria-describedby='av-svg-desc-17' role=\"graphics-symbol\" aria-hidden=\"true\">\n<title id='av-svg-title-17'>Open image in lightbox: Odeceixe Surf Camp | Algarve Portugal<\/title>\n<desc id='av-svg-desc-17'>Open image in lightbox: Odeceixe Surf Camp | Algarve Portugal<\/desc>\n<path d=\"M15.232 3.328h10.112v10.112l-3.2-3.968-4.672 4.864-3.2-3.2 4.864-4.672zM7.872 17.536l3.2 3.2-4.864 4.672 3.904 3.2h-10.112v-10.112l3.2 3.904z\"><\/path>\n<\/svg><\/a><\/div><div class=\"av-horizontal-gallery-wrap noHover\"><img decoding=\"async\" loading=\"lazy\" class='wp-image-161 avia-img-lazy-loading-161 av-horizontal-gallery-img' width=\"260\" height=\"185\" src=\"https:\/\/odeceixesurfschool.com\/wp-content\/uploads\/2018\/03\/odeceixe-surf-camp-algarve-portugal-16-260x185.jpg\" title='Odeceixe Surf Camp | Algarve Portugal' alt='Odeceixe Surf Camp | Algarve Portugal' \/><a href=\"https:\/\/odeceixesurfschool.com\/wp-content\/uploads\/2018\/03\/odeceixe-surf-camp-algarve-portugal-16-1030x687.jpg\" data-srcset=\"https:\/\/odeceixesurfschool.com\/wp-content\/uploads\/2018\/03\/odeceixe-surf-camp-algarve-portugal-16-1030x687.jpg 1030w, https:\/\/odeceixesurfschool.com\/wp-content\/uploads\/2018\/03\/odeceixe-surf-camp-algarve-portugal-16-300x200.jpg 300w, https:\/\/odeceixesurfschool.com\/wp-content\/uploads\/2018\/03\/odeceixe-surf-camp-algarve-portugal-16-768x512.jpg 768w, https:\/\/odeceixesurfschool.com\/wp-content\/uploads\/2018\/03\/odeceixe-surf-camp-algarve-portugal-16-705x470.jpg 705w, https:\/\/odeceixesurfschool.com\/wp-content\/uploads\/2018\/03\/odeceixe-surf-camp-algarve-portugal-16-450x300.jpg 450w, https:\/\/odeceixesurfschool.com\/wp-content\/uploads\/2018\/03\/odeceixe-surf-camp-algarve-portugal-16.jpg 1400w\" data-sizes=\"(max-width: 1030px) 100vw, 1030px\" class='av-horizontal-gallery-link avia-svg-icon avia-font-svg_entypo-fontello' data-av_svg_icon='resize-full' data-av_iconset='svg_entypo-fontello' title='' alt='Odeceixe Surf Camp | Algarve Portugal' aria-label='Open image in lightbox: Odeceixe Surf Camp | Algarve Portugal'><svg version=\"1.1\" xmlns=\"http:\/\/www.w3.org\/2000\/svg\" width=\"25\" height=\"32\" viewBox=\"0 0 25 32\" preserveAspectRatio=\"xMidYMid meet\" aria-labelledby='av-svg-title-18' aria-describedby='av-svg-desc-18' role=\"graphics-symbol\" aria-hidden=\"true\">\n<title id='av-svg-title-18'>Open image in lightbox: Odeceixe Surf Camp | Algarve Portugal<\/title>\n<desc id='av-svg-desc-18'>Open image in lightbox: Odeceixe Surf Camp | Algarve Portugal<\/desc>\n<path d=\"M15.232 3.328h10.112v10.112l-3.2-3.968-4.672 4.864-3.2-3.2 4.864-4.672zM7.872 17.536l3.2 3.2-4.864 4.672 3.904 3.2h-10.112v-10.112l3.2 3.904z\"><\/path>\n<\/svg><\/a><\/div><div class=\"av-horizontal-gallery-wrap noHover\"><img decoding=\"async\" loading=\"lazy\" class='wp-image-162 avia-img-lazy-loading-162 av-horizontal-gallery-img' width=\"260\" height=\"185\" src=\"https:\/\/odeceixesurfschool.com\/wp-content\/uploads\/2018\/03\/odeceixe-surf-camp-algarve-portugal-17-260x185.jpg\" title='Odeceixe Surf Camp | Algarve Portugal' alt='Odeceixe Surf Camp | Algarve Portugal' \/><a href=\"https:\/\/odeceixesurfschool.com\/wp-content\/uploads\/2018\/03\/odeceixe-surf-camp-algarve-portugal-17-1030x686.jpg\" data-srcset=\"https:\/\/odeceixesurfschool.com\/wp-content\/uploads\/2018\/03\/odeceixe-surf-camp-algarve-portugal-17-1030x686.jpg 1030w, https:\/\/odeceixesurfschool.com\/wp-content\/uploads\/2018\/03\/odeceixe-surf-camp-algarve-portugal-17-300x200.jpg 300w, https:\/\/odeceixesurfschool.com\/wp-content\/uploads\/2018\/03\/odeceixe-surf-camp-algarve-portugal-17-768x512.jpg 768w, https:\/\/odeceixesurfschool.com\/wp-content\/uploads\/2018\/03\/odeceixe-surf-camp-algarve-portugal-17-705x470.jpg 705w, https:\/\/odeceixesurfschool.com\/wp-content\/uploads\/2018\/03\/odeceixe-surf-camp-algarve-portugal-17-450x300.jpg 450w, https:\/\/odeceixesurfschool.com\/wp-content\/uploads\/2018\/03\/odeceixe-surf-camp-algarve-portugal-17.jpg 1400w\" data-sizes=\"(max-width: 1030px) 100vw, 1030px\" class='av-horizontal-gallery-link avia-svg-icon avia-font-svg_entypo-fontello' data-av_svg_icon='resize-full' data-av_iconset='svg_entypo-fontello' title='' alt='Odeceixe Surf Camp | Algarve Portugal' aria-label='Open image in lightbox: Odeceixe Surf Camp | Algarve Portugal'><svg version=\"1.1\" xmlns=\"http:\/\/www.w3.org\/2000\/svg\" width=\"25\" height=\"32\" viewBox=\"0 0 25 32\" preserveAspectRatio=\"xMidYMid meet\" aria-labelledby='av-svg-title-19' aria-describedby='av-svg-desc-19' role=\"graphics-symbol\" aria-hidden=\"true\">\n<title id='av-svg-title-19'>Open image in lightbox: Odeceixe Surf Camp | Algarve Portugal<\/title>\n<desc id='av-svg-desc-19'>Open image in lightbox: Odeceixe Surf Camp | Algarve Portugal<\/desc>\n<path d=\"M15.232 3.328h10.112v10.112l-3.2-3.968-4.672 4.864-3.2-3.2 4.864-4.672zM7.872 17.536l3.2 3.2-4.864 4.672 3.904 3.2h-10.112v-10.112l3.2 3.904z\"><\/path>\n<\/svg><\/a><\/div><div class=\"av-horizontal-gallery-wrap noHover\"><img decoding=\"async\" loading=\"lazy\" class='wp-image-163 avia-img-lazy-loading-163 av-horizontal-gallery-img' width=\"260\" height=\"185\" src=\"https:\/\/odeceixesurfschool.com\/wp-content\/uploads\/2018\/03\/odeceixe-surf-camp-algarve-portugal-18-260x185.jpg\" title='Odeceixe Surf Camp | Algarve Portugal' alt='Odeceixe Surf Camp | Algarve Portugal' \/><a href=\"https:\/\/odeceixesurfschool.com\/wp-content\/uploads\/2018\/03\/odeceixe-surf-camp-algarve-portugal-18-1030x686.jpg\" data-srcset=\"https:\/\/odeceixesurfschool.com\/wp-content\/uploads\/2018\/03\/odeceixe-surf-camp-algarve-portugal-18-1030x686.jpg 1030w, https:\/\/odeceixesurfschool.com\/wp-content\/uploads\/2018\/03\/odeceixe-surf-camp-algarve-portugal-18-300x200.jpg 300w, https:\/\/odeceixesurfschool.com\/wp-content\/uploads\/2018\/03\/odeceixe-surf-camp-algarve-portugal-18-768x512.jpg 768w, https:\/\/odeceixesurfschool.com\/wp-content\/uploads\/2018\/03\/odeceixe-surf-camp-algarve-portugal-18-705x470.jpg 705w, https:\/\/odeceixesurfschool.com\/wp-content\/uploads\/2018\/03\/odeceixe-surf-camp-algarve-portugal-18-450x300.jpg 450w, https:\/\/odeceixesurfschool.com\/wp-content\/uploads\/2018\/03\/odeceixe-surf-camp-algarve-portugal-18.jpg 1400w\" data-sizes=\"(max-width: 1030px) 100vw, 1030px\" class='av-horizontal-gallery-link avia-svg-icon avia-font-svg_entypo-fontello' data-av_svg_icon='resize-full' data-av_iconset='svg_entypo-fontello' title='' alt='Odeceixe Surf Camp | Algarve Portugal' aria-label='Open image in lightbox: Odeceixe Surf Camp | Algarve Portugal'><svg version=\"1.1\" xmlns=\"http:\/\/www.w3.org\/2000\/svg\" width=\"25\" height=\"32\" viewBox=\"0 0 25 32\" preserveAspectRatio=\"xMidYMid meet\" aria-labelledby='av-svg-title-20' aria-describedby='av-svg-desc-20' role=\"graphics-symbol\" aria-hidden=\"true\">\n<title id='av-svg-title-20'>Open image in lightbox: Odeceixe Surf Camp | Algarve Portugal<\/title>\n<desc id='av-svg-desc-20'>Open image in lightbox: Odeceixe Surf Camp | Algarve Portugal<\/desc>\n<path d=\"M15.232 3.328h10.112v10.112l-3.2-3.968-4.672 4.864-3.2-3.2 4.864-4.672zM7.872 17.536l3.2 3.2-4.864 4.672 3.904 3.2h-10.112v-10.112l3.2 3.904z\"><\/path>\n<\/svg><\/a><\/div><div class=\"av-horizontal-gallery-wrap noHover\"><img decoding=\"async\" loading=\"lazy\" class='wp-image-164 avia-img-lazy-loading-164 av-horizontal-gallery-img' width=\"260\" height=\"185\" src=\"https:\/\/odeceixesurfschool.com\/wp-content\/uploads\/2018\/03\/odeceixe-surf-camp-algarve-portugal-19-260x185.jpg\" title='Odeceixe Surf Camp | Algarve Portugal' alt='Odeceixe Surf Camp | Algarve Portugal' \/><a href=\"https:\/\/odeceixesurfschool.com\/wp-content\/uploads\/2018\/03\/odeceixe-surf-camp-algarve-portugal-19-1030x686.jpg\" data-srcset=\"https:\/\/odeceixesurfschool.com\/wp-content\/uploads\/2018\/03\/odeceixe-surf-camp-algarve-portugal-19-1030x686.jpg 1030w, https:\/\/odeceixesurfschool.com\/wp-content\/uploads\/2018\/03\/odeceixe-surf-camp-algarve-portugal-19-300x200.jpg 300w, https:\/\/odeceixesurfschool.com\/wp-content\/uploads\/2018\/03\/odeceixe-surf-camp-algarve-portugal-19-768x512.jpg 768w, https:\/\/odeceixesurfschool.com\/wp-content\/uploads\/2018\/03\/odeceixe-surf-camp-algarve-portugal-19-705x470.jpg 705w, https:\/\/odeceixesurfschool.com\/wp-content\/uploads\/2018\/03\/odeceixe-surf-camp-algarve-portugal-19-450x300.jpg 450w, https:\/\/odeceixesurfschool.com\/wp-content\/uploads\/2018\/03\/odeceixe-surf-camp-algarve-portugal-19.jpg 1400w\" data-sizes=\"(max-width: 1030px) 100vw, 1030px\" class='av-horizontal-gallery-link avia-svg-icon avia-font-svg_entypo-fontello' data-av_svg_icon='resize-full' data-av_iconset='svg_entypo-fontello' title='' alt='Odeceixe Surf Camp | Algarve Portugal' aria-label='Open image in lightbox: Odeceixe Surf Camp | Algarve Portugal'><svg version=\"1.1\" xmlns=\"http:\/\/www.w3.org\/2000\/svg\" width=\"25\" height=\"32\" viewBox=\"0 0 25 32\" preserveAspectRatio=\"xMidYMid meet\" aria-labelledby='av-svg-title-21' aria-describedby='av-svg-desc-21' role=\"graphics-symbol\" aria-hidden=\"true\">\n<title id='av-svg-title-21'>Open image in lightbox: Odeceixe Surf Camp | Algarve Portugal<\/title>\n<desc id='av-svg-desc-21'>Open image in lightbox: Odeceixe Surf Camp | Algarve Portugal<\/desc>\n<path d=\"M15.232 3.328h10.112v10.112l-3.2-3.968-4.672 4.864-3.2-3.2 4.864-4.672zM7.872 17.536l3.2 3.2-4.864 4.672 3.904 3.2h-10.112v-10.112l3.2 3.904z\"><\/path>\n<\/svg><\/a><\/div><div class=\"av-horizontal-gallery-wrap noHover\"><img decoding=\"async\" loading=\"lazy\" class='wp-image-165 avia-img-lazy-loading-165 av-horizontal-gallery-img' width=\"260\" height=\"185\" src=\"https:\/\/odeceixesurfschool.com\/wp-content\/uploads\/2018\/03\/odeceixe-surf-camp-algarve-portugal-20-260x185.jpg\" title='Odeceixe Surf Camp | Algarve Portugal' alt='Odeceixe Surf Camp | Algarve Portugal' \/><a href=\"https:\/\/odeceixesurfschool.com\/wp-content\/uploads\/2018\/03\/odeceixe-surf-camp-algarve-portugal-20-1030x710.jpg\" data-srcset=\"https:\/\/odeceixesurfschool.com\/wp-content\/uploads\/2018\/03\/odeceixe-surf-camp-algarve-portugal-20-1030x710.jpg 1030w, https:\/\/odeceixesurfschool.com\/wp-content\/uploads\/2018\/03\/odeceixe-surf-camp-algarve-portugal-20-300x207.jpg 300w, https:\/\/odeceixesurfschool.com\/wp-content\/uploads\/2018\/03\/odeceixe-surf-camp-algarve-portugal-20-768x529.jpg 768w, https:\/\/odeceixesurfschool.com\/wp-content\/uploads\/2018\/03\/odeceixe-surf-camp-algarve-portugal-20-705x486.jpg 705w, https:\/\/odeceixesurfschool.com\/wp-content\/uploads\/2018\/03\/odeceixe-surf-camp-algarve-portugal-20-450x310.jpg 450w, https:\/\/odeceixesurfschool.com\/wp-content\/uploads\/2018\/03\/odeceixe-surf-camp-algarve-portugal-20.jpg 1400w\" data-sizes=\"(max-width: 1030px) 100vw, 1030px\" class='av-horizontal-gallery-link avia-svg-icon avia-font-svg_entypo-fontello' data-av_svg_icon='resize-full' data-av_iconset='svg_entypo-fontello' title='' alt='Odeceixe Surf Camp | Algarve Portugal' aria-label='Open image in lightbox: Odeceixe Surf Camp | Algarve Portugal'><svg version=\"1.1\" xmlns=\"http:\/\/www.w3.org\/2000\/svg\" width=\"25\" height=\"32\" viewBox=\"0 0 25 32\" preserveAspectRatio=\"xMidYMid meet\" aria-labelledby='av-svg-title-22' aria-describedby='av-svg-desc-22' role=\"graphics-symbol\" aria-hidden=\"true\">\n<title id='av-svg-title-22'>Open image in lightbox: Odeceixe Surf Camp | Algarve Portugal<\/title>\n<desc id='av-svg-desc-22'>Open image in lightbox: Odeceixe Surf Camp | Algarve Portugal<\/desc>\n<path d=\"M15.232 3.328h10.112v10.112l-3.2-3.968-4.672 4.864-3.2-3.2 4.864-4.672zM7.872 17.536l3.2 3.2-4.864 4.672 3.904 3.2h-10.112v-10.112l3.2 3.904z\"><\/path>\n<\/svg><\/a><\/div><div class=\"av-horizontal-gallery-wrap noHover\"><img decoding=\"async\" loading=\"lazy\" class='wp-image-166 avia-img-lazy-loading-166 av-horizontal-gallery-img' width=\"260\" height=\"185\" src=\"https:\/\/odeceixesurfschool.com\/wp-content\/uploads\/2018\/03\/odeceixe-surf-camp-algarve-portugal-21-260x185.jpg\" title='Odeceixe Surf Camp | Algarve Portugal' alt='Odeceixe Surf Camp | Algarve Portugal' \/><a href=\"https:\/\/odeceixesurfschool.com\/wp-content\/uploads\/2018\/03\/odeceixe-surf-camp-algarve-portugal-21-1030x773.jpg\" data-srcset=\"https:\/\/odeceixesurfschool.com\/wp-content\/uploads\/2018\/03\/odeceixe-surf-camp-algarve-portugal-21-1030x773.jpg 1030w, https:\/\/odeceixesurfschool.com\/wp-content\/uploads\/2018\/03\/odeceixe-surf-camp-algarve-portugal-21-300x225.jpg 300w, https:\/\/odeceixesurfschool.com\/wp-content\/uploads\/2018\/03\/odeceixe-surf-camp-algarve-portugal-21-768x576.jpg 768w, https:\/\/odeceixesurfschool.com\/wp-content\/uploads\/2018\/03\/odeceixe-surf-camp-algarve-portugal-21-705x529.jpg 705w, https:\/\/odeceixesurfschool.com\/wp-content\/uploads\/2018\/03\/odeceixe-surf-camp-algarve-portugal-21-450x338.jpg 450w, https:\/\/odeceixesurfschool.com\/wp-content\/uploads\/2018\/03\/odeceixe-surf-camp-algarve-portugal-21.jpg 1400w\" data-sizes=\"(max-width: 1030px) 100vw, 1030px\" class='av-horizontal-gallery-link avia-svg-icon avia-font-svg_entypo-fontello' data-av_svg_icon='resize-full' data-av_iconset='svg_entypo-fontello' title='' alt='Odeceixe Surf Camp | Algarve Portugal' aria-label='Open image in lightbox: Odeceixe Surf Camp | Algarve Portugal'><svg version=\"1.1\" xmlns=\"http:\/\/www.w3.org\/2000\/svg\" width=\"25\" height=\"32\" viewBox=\"0 0 25 32\" preserveAspectRatio=\"xMidYMid meet\" aria-labelledby='av-svg-title-23' aria-describedby='av-svg-desc-23' role=\"graphics-symbol\" aria-hidden=\"true\">\n<title id='av-svg-title-23'>Open image in lightbox: Odeceixe Surf Camp | Algarve Portugal<\/title>\n<desc id='av-svg-desc-23'>Open image in lightbox: Odeceixe Surf Camp | Algarve Portugal<\/desc>\n<path d=\"M15.232 3.328h10.112v10.112l-3.2-3.968-4.672 4.864-3.2-3.2 4.864-4.672zM7.872 17.536l3.2 3.2-4.864 4.672 3.904 3.2h-10.112v-10.112l3.2 3.904z\"><\/path>\n<\/svg><\/a><\/div><div class=\"av-horizontal-gallery-wrap noHover\"><img decoding=\"async\" loading=\"lazy\" class='wp-image-167 avia-img-lazy-loading-167 av-horizontal-gallery-img' width=\"260\" height=\"185\" src=\"https:\/\/odeceixesurfschool.com\/wp-content\/uploads\/2018\/03\/odeceixe-surf-camp-algarve-portugal-22-260x185.jpg\" title='Odeceixe Surf Camp | Algarve Portugal' alt='Odeceixe Surf Camp | Algarve Portugal' \/><a href=\"https:\/\/odeceixesurfschool.com\/wp-content\/uploads\/2018\/03\/odeceixe-surf-camp-algarve-portugal-22-1030x785.jpg\" data-srcset=\"https:\/\/odeceixesurfschool.com\/wp-content\/uploads\/2018\/03\/odeceixe-surf-camp-algarve-portugal-22-1030x785.jpg 1030w, https:\/\/odeceixesurfschool.com\/wp-content\/uploads\/2018\/03\/odeceixe-surf-camp-algarve-portugal-22-300x229.jpg 300w, https:\/\/odeceixesurfschool.com\/wp-content\/uploads\/2018\/03\/odeceixe-surf-camp-algarve-portugal-22-768x585.jpg 768w, https:\/\/odeceixesurfschool.com\/wp-content\/uploads\/2018\/03\/odeceixe-surf-camp-algarve-portugal-22-705x537.jpg 705w, https:\/\/odeceixesurfschool.com\/wp-content\/uploads\/2018\/03\/odeceixe-surf-camp-algarve-portugal-22-450x343.jpg 450w, https:\/\/odeceixesurfschool.com\/wp-content\/uploads\/2018\/03\/odeceixe-surf-camp-algarve-portugal-22.jpg 1400w\" data-sizes=\"(max-width: 1030px) 100vw, 1030px\" class='av-horizontal-gallery-link avia-svg-icon avia-font-svg_entypo-fontello' data-av_svg_icon='resize-full' data-av_iconset='svg_entypo-fontello' title='' alt='Odeceixe Surf Camp | Algarve Portugal' aria-label='Open image in lightbox: Odeceixe Surf Camp | Algarve Portugal'><svg version=\"1.1\" xmlns=\"http:\/\/www.w3.org\/2000\/svg\" width=\"25\" height=\"32\" viewBox=\"0 0 25 32\" preserveAspectRatio=\"xMidYMid meet\" aria-labelledby='av-svg-title-24' aria-describedby='av-svg-desc-24' role=\"graphics-symbol\" aria-hidden=\"true\">\n<title id='av-svg-title-24'>Open image in lightbox: Odeceixe Surf Camp | Algarve Portugal<\/title>\n<desc id='av-svg-desc-24'>Open image in lightbox: Odeceixe Surf Camp | Algarve Portugal<\/desc>\n<path d=\"M15.232 3.328h10.112v10.112l-3.2-3.968-4.672 4.864-3.2-3.2 4.864-4.672zM7.872 17.536l3.2 3.2-4.864 4.672 3.904 3.2h-10.112v-10.112l3.2 3.904z\"><\/path>\n<\/svg><\/a><\/div><div class=\"av-horizontal-gallery-wrap noHover\"><img decoding=\"async\" loading=\"lazy\" class='wp-image-168 avia-img-lazy-loading-168 av-horizontal-gallery-img' width=\"260\" height=\"185\" src=\"https:\/\/odeceixesurfschool.com\/wp-content\/uploads\/2018\/03\/odeceixe-surf-camp-algarve-portugal-23-260x185.jpg\" title='Odeceixe Surf Camp | Algarve Portugal' alt='Odeceixe Surf Camp | Algarve Portugal' \/><a href=\"https:\/\/odeceixesurfschool.com\/wp-content\/uploads\/2018\/03\/odeceixe-surf-camp-algarve-portugal-23-1030x686.jpg\" data-srcset=\"https:\/\/odeceixesurfschool.com\/wp-content\/uploads\/2018\/03\/odeceixe-surf-camp-algarve-portugal-23-1030x686.jpg 1030w, https:\/\/odeceixesurfschool.com\/wp-content\/uploads\/2018\/03\/odeceixe-surf-camp-algarve-portugal-23-300x200.jpg 300w, https:\/\/odeceixesurfschool.com\/wp-content\/uploads\/2018\/03\/odeceixe-surf-camp-algarve-portugal-23-768x512.jpg 768w, https:\/\/odeceixesurfschool.com\/wp-content\/uploads\/2018\/03\/odeceixe-surf-camp-algarve-portugal-23-705x470.jpg 705w, https:\/\/odeceixesurfschool.com\/wp-content\/uploads\/2018\/03\/odeceixe-surf-camp-algarve-portugal-23-450x300.jpg 450w, https:\/\/odeceixesurfschool.com\/wp-content\/uploads\/2018\/03\/odeceixe-surf-camp-algarve-portugal-23.jpg 1400w\" data-sizes=\"(max-width: 1030px) 100vw, 1030px\" class='av-horizontal-gallery-link avia-svg-icon avia-font-svg_entypo-fontello' data-av_svg_icon='resize-full' data-av_iconset='svg_entypo-fontello' title='' alt='Odeceixe Surf Camp | Algarve Portugal' aria-label='Open image in lightbox: Odeceixe Surf Camp | Algarve Portugal'><svg version=\"1.1\" xmlns=\"http:\/\/www.w3.org\/2000\/svg\" width=\"25\" height=\"32\" viewBox=\"0 0 25 32\" preserveAspectRatio=\"xMidYMid meet\" aria-labelledby='av-svg-title-25' aria-describedby='av-svg-desc-25' role=\"graphics-symbol\" aria-hidden=\"true\">\n<title id='av-svg-title-25'>Open image in lightbox: Odeceixe Surf Camp | Algarve Portugal<\/title>\n<desc id='av-svg-desc-25'>Open image in lightbox: Odeceixe Surf Camp | Algarve Portugal<\/desc>\n<path d=\"M15.232 3.328h10.112v10.112l-3.2-3.968-4.672 4.864-3.2-3.2 4.864-4.672zM7.872 17.536l3.2 3.2-4.864 4.672 3.904 3.2h-10.112v-10.112l3.2 3.904z\"><\/path>\n<\/svg><\/a><\/div><div class=\"av-horizontal-gallery-wrap noHover\"><img decoding=\"async\" loading=\"lazy\" class='wp-image-169 avia-img-lazy-loading-169 av-horizontal-gallery-img' width=\"260\" height=\"185\" src=\"https:\/\/odeceixesurfschool.com\/wp-content\/uploads\/2018\/03\/odeceixe-surf-camp-algarve-portugal-24-260x185.jpg\" title='Odeceixe Surf Camp | Algarve Portugal' alt='Odeceixe Surf Camp | Algarve Portugal' \/><a href=\"https:\/\/odeceixesurfschool.com\/wp-content\/uploads\/2018\/03\/odeceixe-surf-camp-algarve-portugal-24-1030x686.jpg\" data-srcset=\"https:\/\/odeceixesurfschool.com\/wp-content\/uploads\/2018\/03\/odeceixe-surf-camp-algarve-portugal-24-1030x686.jpg 1030w, https:\/\/odeceixesurfschool.com\/wp-content\/uploads\/2018\/03\/odeceixe-surf-camp-algarve-portugal-24-300x200.jpg 300w, https:\/\/odeceixesurfschool.com\/wp-content\/uploads\/2018\/03\/odeceixe-surf-camp-algarve-portugal-24-768x512.jpg 768w, https:\/\/odeceixesurfschool.com\/wp-content\/uploads\/2018\/03\/odeceixe-surf-camp-algarve-portugal-24-705x470.jpg 705w, https:\/\/odeceixesurfschool.com\/wp-content\/uploads\/2018\/03\/odeceixe-surf-camp-algarve-portugal-24-450x300.jpg 450w, https:\/\/odeceixesurfschool.com\/wp-content\/uploads\/2018\/03\/odeceixe-surf-camp-algarve-portugal-24.jpg 1400w\" data-sizes=\"(max-width: 1030px) 100vw, 1030px\" class='av-horizontal-gallery-link avia-svg-icon avia-font-svg_entypo-fontello' data-av_svg_icon='resize-full' data-av_iconset='svg_entypo-fontello' title='' alt='Odeceixe Surf Camp | Algarve Portugal' aria-label='Open image in lightbox: Odeceixe Surf Camp | Algarve Portugal'><svg version=\"1.1\" xmlns=\"http:\/\/www.w3.org\/2000\/svg\" width=\"25\" height=\"32\" viewBox=\"0 0 25 32\" preserveAspectRatio=\"xMidYMid meet\" aria-labelledby='av-svg-title-26' aria-describedby='av-svg-desc-26' role=\"graphics-symbol\" aria-hidden=\"true\">\n<title id='av-svg-title-26'>Open image in lightbox: Odeceixe Surf Camp | Algarve Portugal<\/title>\n<desc id='av-svg-desc-26'>Open image in lightbox: Odeceixe Surf Camp | Algarve Portugal<\/desc>\n<path d=\"M15.232 3.328h10.112v10.112l-3.2-3.968-4.672 4.864-3.2-3.2 4.864-4.672zM7.872 17.536l3.2 3.2-4.864 4.672 3.904 3.2h-10.112v-10.112l3.2 3.904z\"><\/path>\n<\/svg><\/a><\/div><\/div><\/div><\/div>\n","protected":false},"excerpt":{"rendered":"","protected":false},"author":1,"featured_media":0,"parent":0,"menu_order":0,"comment_status":"closed","ping_status":"open","template":"","meta":{"footnotes":""},"class_list":["post-428","page","type-page","status-publish","hentry"],"_links":{"self":[{"href":"https:\/\/odeceixesurfschool.com\/pt\/wp-json\/wp\/v2\/pages\/428","targetHints":{"allow":["GET"]}}],"collection":[{"href":"https:\/\/odeceixesurfschool.com\/pt\/wp-json\/wp\/v2\/pages"}],"about":[{"href":"https:\/\/odeceixesurfschool.com\/pt\/wp-json\/wp\/v2\/types\/page"}],"author":[{"embeddable":true,"href":"https:\/\/odeceixesurfschool.com\/pt\/wp-json\/wp\/v2\/users\/1"}],"replies":[{"embeddable":true,"href":"https:\/\/odeceixesurfschool.com\/pt\/wp-json\/wp\/v2\/comments?post=428"}],"version-history":[{"count":4,"href":"https:\/\/odeceixesurfschool.com\/pt\/wp-json\/wp\/v2\/pages\/428\/revisions"}],"predecessor-version":[{"id":726,"href":"https:\/\/odeceixesurfschool.com\/pt\/wp-json\/wp\/v2\/pages\/428\/revisions\/726"}],"wp:attachment":[{"href":"https:\/\/odeceixesurfschool.com\/pt\/wp-json\/wp\/v2\/media?parent=428"}],"curies":[{"name":"wp","href":"https:\/\/api.w.org\/{rel}","templated":true}]}}